{"id":2009,"date":"2020-03-16T11:02:14","date_gmt":"2020-03-16T11:02:14","guid":{"rendered":"http:\/\/toonteeken.nl\/group-exhibitions\/"},"modified":"2020-03-16T11:02:17","modified_gmt":"2020-03-16T11:02:17","slug":"group-exhibitions","status":"publish","type":"page","link":"https:\/\/toonteeken.nl\/en\/cv\/group-exhibitions\/","title":{"rendered":"Group exhibitions"},"content":{"rendered":"<p>[vc_row css_animation=&#8221;&#8221; row_type=&#8221;row&#8221; use_row_as_full_screen_section=&#8221;no&#8221; type=&#8221;full_width&#8221; angled_section=&#8221;no&#8221; text_align=&#8221;left&#8221; background_image_as_pattern=&#8221;without_pattern&#8221;][vc_column width=&#8221;1\/6&#8243;][\/vc_column][vc_column width=&#8221;2\/3&#8243;][vc_row_inner row_type=&#8221;row&#8221; type=&#8221;full_width&#8221; text_align=&#8221;left&#8221; css_animation=&#8221;&#8221; css=&#8221;.vc_custom_1583138411829{padding-bottom: 16px !important;}&#8221;][vc_column_inner width=&#8221;1\/6&#8243;][vc_column_text]2020[\/vc_column_text][\/vc_column_inner][vc_column_inner width=&#8221;5\/6&#8243;][vc_column_text]<\/p>\n<div class=\"article_wrapper\">\n<div class=\"article_headline\">relations &amp; contrasts, Museum Belv\u00e9d\u00e8re, Heerenveen<\/div>\n<\/div>\n<div class=\"article_wrapper\">\n<div class=\"article_date\"><\/div>\n<div class=\"article_headline\">&#8220;In Exile&#8221;, House Henk Visch, Eindhoven<\/div>\n<\/div>\n<p>[\/vc_column_text][\/vc_column_inner][\/vc_row_inner][vc_row_inner row_type=&#8221;row&#8221; type=&#8221;full_width&#8221; text_align=&#8221;left&#8221; css_animation=&#8221;&#8221; css=&#8221;.vc_custom_1583138438093{padding-bottom: 16px !important;}&#8221;][vc_column_inner width=&#8221;1\/6&#8243;][vc_column_text]2019[\/vc_column_text][\/vc_column_inner][vc_column_inner width=&#8221;5\/6&#8243;][vc_column_text]<\/p>\n<div class=\"article_wrapper\">\n<div class=\"article_headline\">Art The Hague, Gallery Larik<\/div>\n<\/div>\n<div class=\"article_wrapper\">\n<div class=\"article_date\"><\/div>\n<div class=\"article_headline\">The Coke side of art, Gallery Frank Schlag, Essen, Germany<\/div>\n<\/div>\n<div class=\"article_wrapper\">\n<div class=\"article_date\"><\/div>\n<div class=\"article_headline\">Future untitled, Gallery Larik, Utrecht<\/div>\n<\/div>\n<p>[\/vc_column_text][\/vc_column_inner][\/vc_row_inner][vc_row_inner row_type=&#8221;row&#8221; type=&#8221;full_width&#8221; text_align=&#8221;left&#8221; css_animation=&#8221;&#8221; css=&#8221;.vc_custom_1583138438093{padding-bottom: 16px !important;}&#8221;][vc_column_inner width=&#8221;1\/6&#8243;][vc_column_text]2018[\/vc_column_text][\/vc_column_inner][vc_column_inner width=&#8221;5\/6&#8243;][vc_column_text]<\/p>\n<div class=\"article_wrapper\">\n<div class=\"article_headline\">The Line Up, Het Centraal Museum, Utrecht<\/div>\n<\/div>\n<div class=\"article_wrapper\">\n<div class=\"article_date\"><\/div>\n<div class=\"article_headline\">&amp; More, Galery Nouvelles Images, The Hague<\/div>\n<\/div>\n<div class=\"article_wrapper\">\n<div class=\"article_date\"><\/div>\n<div class=\"article_headline\">Booklaunch Guide of Senses, Marres Hous for Contemporary Culture, Maastricht, The Netherlands<\/div>\n<\/div>\n<div class=\"article_wrapper\">\n<div class=\"article_date\"><\/div>\n<div class=\"article_headline\">139 x Nothing but good, Park, Tilburg<\/div>\n<\/div>\n<p>[\/vc_column_text][\/vc_column_inner][\/vc_row_inner][vc_row_inner row_type=&#8221;row&#8221; type=&#8221;full_width&#8221; text_align=&#8221;left&#8221; css_animation=&#8221;&#8221; css=&#8221;.vc_custom_1583138438093{padding-bottom: 16px !important;}&#8221;][vc_column_inner width=&#8221;1\/6&#8243;][vc_column_text]2017[\/vc_column_text][\/vc_column_inner][vc_column_inner width=&#8221;5\/6&#8243;][vc_column_text]<\/p>\n<div class=\"article_wrapper\">\n<div class=\"article_headline\">plateauKUNST 2017, Plateau of Margraten, The netherlands, Wande Reiff Contemparary Art<\/div>\n<\/div>\n<div class=\"article_wrapper\">\n<div class=\"article_date\"><\/div>\n<div class=\"article_headline\">Collection and life of Leon Mommers (1937-2015), Museum Land van Valkenburg, Valkenburg<\/div>\n<\/div>\n<div class=\"article_wrapper\">\n<div class=\"article_date\"><\/div>\n<div class=\"article_headline\">Accrochage, Galerie Frank Schlag &amp; Cie, Essen, Germany<\/div>\n<div><\/div>\n<div>Loskijken, Nouvelles Images, The Hague<\/div>\n<\/div>\n<p>[\/vc_column_text][\/vc_column_inner][\/vc_row_inner][vc_row_inner row_type=&#8221;row&#8221; type=&#8221;full_width&#8221; text_align=&#8221;left&#8221; css_animation=&#8221;&#8221; css=&#8221;.vc_custom_1583138438093{padding-bottom: 16px !important;}&#8221;][vc_column_inner width=&#8221;1\/6&#8243;][vc_column_text]2016[\/vc_column_text][\/vc_column_inner][vc_column_inner width=&#8221;5\/6&#8243;][vc_column_text]<\/p>\n<div class=\"article_wrapper\">\n<div class=\"article_headline\">Portrait, Galerie Frank Schlag &amp; Cie, Essen, Germany<\/div>\n<\/div>\n<div class=\"article_wrapper\">\n<div class=\"article_date\"><\/div>\n<div class=\"article_headline\">No words today 2, Buro Beukorkest in Tac, Eindhoven<\/div>\n<\/div>\n<p>[\/vc_column_text][\/vc_column_inner][\/vc_row_inner][vc_row_inner row_type=&#8221;row&#8221; type=&#8221;full_width&#8221; text_align=&#8221;left&#8221; css_animation=&#8221;&#8221; css=&#8221;.vc_custom_1583138438093{padding-bottom: 16px !important;}&#8221;][vc_column_inner width=&#8221;1\/6&#8243;][vc_column_text]2015[\/vc_column_text][\/vc_column_inner][vc_column_inner width=&#8221;5\/6&#8243;][vc_column_text]<\/p>\n<div class=\"article_wrapper\">\n<div class=\"article_headline\">\n<div class=\"article_wrapper\">\n<div class=\"article_headline\">NI 55 years, gallery Nouvelles Images, The Hague<\/div>\n<\/div>\n<div class=\"article_wrapper\">\n<div class=\"article_date\"><\/div>\n<div class=\"article_headline\">The books happen, Kunstruimte KUUB, Utrecht<\/div>\n<\/div>\n<div class=\"article_wrapper\">\n<div class=\"article_date\"><\/div>\n<div class=\"article_headline\">O Muze!, De Hallen, Haarlem<\/div>\n<\/div>\n<div class=\"article_wrapper\">\n<div class=\"article_date\"><\/div>\n<div class=\"article_headline\">No words today, Buro Beukorkest in Tac, Eindhoven<\/div>\n<\/div>\n<div class=\"article_wrapper\">\n<div class=\"article_date\"><\/div>\n<div class=\"article_headline\">&#8220;collection d&#8217;art&#8221; a history of a modern gallery, The Cobra Museum of Modern Art, Amstelveen<\/div>\n<\/div>\n<p>NI 55 jaar, galerie Nouvelles Images, Den Haag<\/p>\n<\/div>\n<\/div>\n<div class=\"article_wrapper\">\n<div class=\"article_date\"><\/div>\n<div class=\"article_headline\">The books happen, Kunstruimte KUUB, Utrecht<\/div>\n<\/div>\n<div class=\"article_wrapper\">\n<div class=\"article_date\"><\/div>\n<div class=\"article_headline\">O Muze!, De Hallen, Haarlem<\/div>\n<\/div>\n<div class=\"article_wrapper\">\n<div class=\"article_date\"><\/div>\n<div class=\"article_headline\">No words today, Buro Beukorkest in Tac, Eindhoven<\/div>\n<\/div>\n<div class=\"article_wrapper\">\n<div class=\"article_date\"><\/div>\n<div class=\"article_headline\">&#8220;collection d&#8217;art&#8221; a history of a modern gallery, Het Cobra Museum voor Moderne Kunst, Amstelveen<\/div>\n<\/div>\n<div class=\"article_wrapper\"><\/div>\n<p>[\/vc_column_text][\/vc_column_inner][\/vc_row_inner][vc_row_inner row_type=&#8221;row&#8221; type=&#8221;full_width&#8221; text_align=&#8221;left&#8221; css_animation=&#8221;&#8221; css=&#8221;.vc_custom_1583138438093{padding-bottom: 16px !important;}&#8221;][vc_column_inner width=&#8221;1\/6&#8243;][vc_column_text]2014[\/vc_column_text][\/vc_column_inner][vc_column_inner width=&#8221;5\/6&#8243;][vc_column_text]<\/p>\n<div class=\"article_wrapper\">\n<div class=\"article_headline\">\n<div class=\"article_wrapper\">\n<div class=\"article_headline\">\n<div class=\"article_wrapper\">\n<div class=\"article_headline\">I am not doing anything until I feel the need, from Joanneke Meester, De Nederlansche Bak, Amsterdam<\/div>\n<\/div>\n<div class=\"article_wrapper\">\n<div class=\"article_date\"><\/div>\n<div class=\"article_headline\">Das Obere des K\u00f6rpers, die B\u00fcste in der 21. Jahrhunderts, Gallery Frank Schlag &amp; Cie, Essen, Germany<\/div>\n<\/div>\n<div class=\"article_wrapper\">\n<div class=\"article_date\"><\/div>\n<div class=\"article_headline\">Drawing Rooms, PAK, Gistel, Belgium<\/div>\n<\/div>\n<div class=\"article_wrapper\">\n<div class=\"article_date\"><\/div>\n<div class=\"article_headline\">Force of Nature, CODA museum, Apeldoorn<\/div>\n<\/div>\n<div class=\"article_wrapper\">\n<div class=\"article_date\"><\/div>\n<div class=\"article_headline\">Nothing but good live, Park &#8211; Platform for Visual Arts, Tilburg<\/div>\n<\/div>\n<div class=\"article_wrapper\">\n<div class=\"article_date\"><\/div>\n<div class=\"article_headline\">Janson&#8217;s and other stories, Lucas Hoeben with Richard van der Aa, Eva Pel, Andr\u00e9 Pielage, Toon Teeken, 37PK Haarlem<\/div>\n<\/div>\n<\/div>\n<\/div>\n<\/div>\n<\/div>\n<p>[\/vc_column_text][\/vc_column_inner][\/vc_row_inner][vc_row_inner row_type=&#8221;row&#8221; type=&#8221;full_width&#8221; text_align=&#8221;left&#8221; css_animation=&#8221;&#8221; css=&#8221;.vc_custom_1583138438093{padding-bottom: 16px !important;}&#8221;][vc_column_inner width=&#8221;1\/6&#8243;][vc_column_text]2013[\/vc_column_text][\/vc_column_inner][vc_column_inner width=&#8221;5\/6&#8243;][vc_column_text]<\/p>\n<div class=\"article_wrapper\">\n<div class=\"article_headline\">\n<div class=\"article_wrapper\">\n<div class=\"article_headline\">\n<div class=\"article_wrapper\">\n<div class=\"article_headline\">\n<div class=\"article_wrapper\">\n<div class=\"article_headline\">\n<div class=\"article_wrapper\">\n<div class=\"article_headline\">Galerie Nouvelles Images<\/div>\n<\/div>\n<div class=\"article_wrapper\">\n<div class=\"article_date\"><\/div>\n<div class=\"article_headline\">Body Motion, Pulchri Studio, The Hague<\/div>\n<\/div>\n<div class=\"article_wrapper\">\n<div class=\"article_date\"><\/div>\n<div class=\"article_headline\">De Zaak, Kunstpodium T, Tilburg<\/div>\n<\/div>\n<div class=\"article_wrapper\">\n<div class=\"article_date\"><\/div>\n<div class=\"article_headline\">Raw art fair, Rotterdam, Gallery Nouvelles Images, The Hague<\/div>\n<\/div>\n<div class=\"article_wrapper\">\n<div class=\"article_date\"><\/div>\n<div class=\"article_headline\">Sensory fabric, Westside, Den Bosch<\/div>\n<\/div>\n<div class=\"article_wrapper\"><\/div>\n<\/div>\n<\/div>\n<\/div>\n<\/div>\n<\/div>\n<\/div>\n<\/div>\n<\/div>\n<p>[\/vc_column_text][\/vc_column_inner][\/vc_row_inner][vc_row_inner row_type=&#8221;row&#8221; type=&#8221;full_width&#8221; text_align=&#8221;left&#8221; css_animation=&#8221;&#8221; css=&#8221;.vc_custom_1583138438093{padding-bottom: 16px !important;}&#8221;][vc_column_inner width=&#8221;1\/6&#8243;][vc_column_text]2012[\/vc_column_text][\/vc_column_inner][vc_column_inner width=&#8221;5\/6&#8243;][vc_column_text]<\/p>\n<div class=\"article_wrapper\">\n<div class=\"article_headline\">\n<div class=\"article_wrapper\">\n<div class=\"article_headline\">\n<div class=\"article_wrapper\">\n<div class=\"article_headline\">\n<div class=\"article_wrapper\">\n<div class=\"article_headline\">\n<div class=\"article_wrapper\">\n<div class=\"article_headline\">\n<div class=\"article_wrapper\">\n<div class=\"article_headline\">\n<div class=\"article_wrapper\">\n<div class=\"article_headline\">Secret Postcards, Jan van Eyck Academy, Maastricht<\/div>\n<\/div>\n<div class=\"article_wrapper\">\n<div class=\"article_date\"><\/div>\n<div class=\"article_headline\">Point de Vue, &#8216;s Hertogenbosch<\/div>\n<\/div>\n<div class=\"article_wrapper\">\n<div class=\"article_date\"><\/div>\n<div class=\"article_headline\">Meerssen falls under the spell of&#8230;, Meerssen<\/div>\n<\/div>\n<div class=\"article_wrapper\">\n<div class=\"article_date\"><\/div>\n<div class=\"article_headline\">Wait=desire, Central Station Rotterdam, ToonZaal Rotterdam<\/div>\n<\/div>\n<div class=\"article_wrapper\">\n<div class=\"article_date\"><\/div>\n<div class=\"article_headline\">KunstRai, Amsterdam, Galerie De Zaal, Delft<\/div>\n<\/div>\n<div class=\"article_wrapper\">\n<div class=\"article_date\"><\/div>\n<div class=\"article_headline\">Forever yours, Schunck, Heerlen<\/div>\n<\/div>\n<div class=\"article_wrapper\">\n<div class=\"article_date\"><\/div>\n<div class=\"article_headline\">Raw art Fair, Rotterdam, Galerie Dom&#8217;Arte<\/div>\n<\/div>\n<div class=\"article_wrapper\"><\/div>\n<\/div>\n<\/div>\n<\/div>\n<\/div>\n<\/div>\n<\/div>\n<\/div>\n<\/div>\n<\/div>\n<\/div>\n<\/div>\n<\/div>\n<p>[\/vc_column_text][\/vc_column_inner][\/vc_row_inner][vc_row_inner row_type=&#8221;row&#8221; type=&#8221;full_width&#8221; text_align=&#8221;left&#8221; css_animation=&#8221;&#8221; css=&#8221;.vc_custom_1583138438093{padding-bottom: 16px !important;}&#8221;][vc_column_inner width=&#8221;1\/6&#8243;][vc_column_text]2011[\/vc_column_text][\/vc_column_inner][vc_column_inner width=&#8221;5\/6&#8243;][vc_column_text]<\/p>\n<div class=\"article_wrapper\">\n<div class=\"article_headline\">\n<div class=\"article_wrapper\">\n<div class=\"article_headline\">\n<div class=\"article_wrapper\">\n<div class=\"article_headline\">\n<div class=\"article_wrapper\">\n<div class=\"article_headline\">\n<div class=\"article_wrapper\">\n<div class=\"article_headline\">\n<div class=\"article_wrapper\">\n<div class=\"article_headline\">\n<div class=\"article_wrapper\">\n<div class=\"article_headline\">\n<div class=\"article_wrapper\">\n<div class=\"article_headline\">Contemporary View &#8211; Ancient Cultures, Herakleidon Museum, Athene, Greece<\/div>\n<\/div>\n<div class=\"article_wrapper\">\n<div class=\"article_date\"><\/div>\n<div class=\"article_headline\">contemporary classical, Allard Pierson Museum, Amsterdam<\/div>\n<\/div>\n<div class=\"article_wrapper\">\n<div class=\"article_date\"><\/div>\n<div class=\"article_headline\">Where there is ego, it spooks, Museum Secet<\/div>\n<\/div>\n<div class=\"article_wrapper\">\n<div class=\"article_date\"><\/div>\n<div class=\"article_headline\">Art Amsterdam,\u00a0Gallery De Zaal, Delft, The Netherlands<\/div>\n<\/div>\n<div class=\"article_wrapper\">\n<div class=\"article_date\"><\/div>\n<div class=\"article_headline\">The final exhibition in Galerie Ferdinand van Dieten<\/div>\n<\/div>\n<div class=\"article_wrapper\"><\/div>\n<\/div>\n<\/div>\n<\/div>\n<\/div>\n<\/div>\n<\/div>\n<\/div>\n<\/div>\n<\/div>\n<\/div>\n<\/div>\n<\/div>\n<\/div>\n<\/div>\n<p>[\/vc_column_text][\/vc_column_inner][\/vc_row_inner][vc_row_inner row_type=&#8221;row&#8221; type=&#8221;full_width&#8221; text_align=&#8221;left&#8221; css_animation=&#8221;&#8221; css=&#8221;.vc_custom_1583138438093{padding-bottom: 16px !important;}&#8221;][vc_column_inner width=&#8221;1\/6&#8243;][vc_column_text]2010[\/vc_column_text][\/vc_column_inner][vc_column_inner width=&#8221;5\/6&#8243;][vc_column_text]<\/p>\n<div class=\"article_wrapper\">\n<div class=\"article_headline\">\n<div class=\"article_wrapper\">\n<div class=\"article_headline\">\n<div class=\"article_wrapper\">\n<div class=\"article_headline\">\n<div class=\"article_wrapper\">\n<div class=\"article_headline\">\n<div class=\"article_wrapper\">\n<div class=\"article_headline\">\n<div class=\"article_wrapper\">\n<div class=\"article_headline\">\n<div class=\"article_wrapper\">\n<div class=\"article_headline\">\n<div class=\"article_wrapper\">\n<div class=\"article_headline\">\n<div class=\"article_wrapper\">\n<div class=\"article_headline\">Art index sui aliusque, Gallery Ferdinand van Dieten, Amsterdam<\/div>\n<\/div>\n<div class=\"article_wrapper\">\n<div class=\"article_date\"><\/div>\n<div class=\"article_headline\">Paper-Work, Gallery De Zaal, Delft<\/div>\n<\/div>\n<div class=\"article_wrapper\">\n<div class=\"article_date\"><\/div>\n<div class=\"article_headline\">Collage, ToonZaal, Rotterdam, The Netherlands<\/div>\n<\/div>\n<div class=\"article_wrapper\">\n<div class=\"article_date\"><\/div>\n<div class=\"article_headline\">Drie Afrikaanse werelden, Kalpa de Boer Galerie, Amsterdam, The Netherlands<\/div>\n<\/div>\n<div class=\"article_wrapper\">\n<div class=\"article_date\"><\/div>\n<div class=\"article_headline\">Art Amsterdam, Galerie Frank Schlag &amp; Cie, Essen, Germany<\/div>\n<\/div>\n<div class=\"article_wrapper\">\n<div class=\"article_date\"><\/div>\n<div class=\"article_headline\">Experience, Museum Het Valkhof, Nijmegen, The Netherlands<\/div>\n<\/div>\n<div class=\"article_wrapper\"><\/div>\n<\/div>\n<\/div>\n<\/div>\n<\/div>\n<\/div>\n<\/div>\n<\/div>\n<\/div>\n<\/div>\n<\/div>\n<\/div>\n<\/div>\n<\/div>\n<\/div>\n<\/div>\n<\/div>\n<p>[\/vc_column_text][\/vc_column_inner][\/vc_row_inner][vc_row_inner row_type=&#8221;row&#8221; type=&#8221;full_width&#8221; text_align=&#8221;left&#8221; css_animation=&#8221;&#8221; css=&#8221;.vc_custom_1583138438093{padding-bottom: 16px !important;}&#8221;][vc_column_inner width=&#8221;1\/6&#8243;][vc_column_text]2009[\/vc_column_text][\/vc_column_inner][vc_column_inner width=&#8221;5\/6&#8243;][vc_column_text]<\/p>\n<div class=\"article_wrapper\">\n<div class=\"article_headline\">\n<div class=\"article_wrapper\">\n<div class=\"article_headline\">\n<div class=\"article_wrapper\">\n<div class=\"article_headline\">\n<div class=\"article_wrapper\">\n<div class=\"article_headline\">\n<div class=\"article_wrapper\">\n<div class=\"article_headline\">\n<div class=\"article_wrapper\">\n<div class=\"article_headline\">\n<div class=\"article_wrapper\">\n<div class=\"article_headline\">\n<div class=\"article_wrapper\">\n<div class=\"article_headline\">\n<div class=\"article_wrapper\">\n<div class=\"article_headline\">\n<div class=\"article_wrapper\">\n<div class=\"article_headline\">\n<div class=\"article_wrapper\">\n<div class=\"article_headline\">Towards a new Amsterdam, Galerie Ferdinand van Dieten, Amsterdam, The Netherlands<\/div>\n<\/div>\n<div class=\"article_wrapper\">\n<div class=\"article_date\"><\/div>\n<div class=\"article_headline\">Jeugdzonde, Hedah, Maastricht, The Netherlands<\/div>\n<\/div>\n<div class=\"article_wrapper\">\n<div class=\"article_date\"><\/div>\n<div class=\"article_headline\">Zomeraccrochage, Gallery Ferdinand van Dieten, Amsterdam, The Netherlands<\/div>\n<\/div>\n<div class=\"article_wrapper\">\n<div class=\"article_date\"><\/div>\n<div class=\"article_headline\">Art Amsterdam, Galerie Frank Schlag &amp; Cie, Essen, Germany<\/div>\n<\/div>\n<div class=\"article_wrapper\"><\/div>\n<\/div>\n<\/div>\n<\/div>\n<\/div>\n<\/div>\n<\/div>\n<\/div>\n<\/div>\n<\/div>\n<\/div>\n<\/div>\n<\/div>\n<\/div>\n<\/div>\n<\/div>\n<\/div>\n<\/div>\n<\/div>\n<\/div>\n<\/div>\n<p>[\/vc_column_text][\/vc_column_inner][\/vc_row_inner][vc_row_inner row_type=&#8221;row&#8221; type=&#8221;full_width&#8221; text_align=&#8221;left&#8221; css_animation=&#8221;&#8221; css=&#8221;.vc_custom_1583138438093{padding-bottom: 16px !important;}&#8221;][vc_column_inner width=&#8221;1\/6&#8243;][vc_column_text]2008[\/vc_column_text][\/vc_column_inner][vc_column_inner width=&#8221;5\/6&#8243;][vc_column_text]<\/p>\n<div class=\"article_wrapper\">\n<div class=\"article_headline\">\n<div class=\"article_wrapper\">\n<div class=\"article_headline\">\n<div class=\"article_wrapper\">\n<div class=\"article_headline\">\n<div class=\"article_wrapper\">\n<div class=\"article_headline\">\n<div class=\"article_wrapper\">\n<div class=\"article_headline\">\n<div class=\"article_wrapper\">\n<div class=\"article_headline\">\n<div class=\"article_wrapper\">\n<div class=\"article_headline\">\n<div class=\"article_wrapper\">\n<div class=\"article_headline\">\n<div class=\"article_wrapper\">\n<div class=\"article_headline\">\n<div class=\"article_wrapper\">\n<div class=\"article_headline\">\n<div class=\"article_wrapper\">\n<div class=\"article_headline\">Titus Nolten, Nicolaas Dings &amp; Toon Teeken, Radboud University, Nijmegen, The Netherlands<\/div>\n<\/div>\n<div class=\"article_wrapper\">\n<div class=\"article_date\"><\/div>\n<div class=\"article_headline\">Kunstopdrachten en topstukken kunstcollecties Radboud Universiteit &amp; UMC St Radboud, CBK Nijmegen, The Netherlands<\/div>\n<\/div>\n<div class=\"article_wrapper\">\n<div class=\"article_date\"><\/div>\n<div class=\"article_headline\">Art Amsterdam, Galerie De Zaal, Delft, The Netherlands<\/div>\n<\/div>\n<div class=\"article_wrapper\"><\/div>\n<\/div>\n<\/div>\n<\/div>\n<\/div>\n<\/div>\n<\/div>\n<\/div>\n<\/div>\n<\/div>\n<\/div>\n<\/div>\n<\/div>\n<\/div>\n<\/div>\n<\/div>\n<\/div>\n<\/div>\n<\/div>\n<\/div>\n<\/div>\n<p>[\/vc_column_text][\/vc_column_inner][\/vc_row_inner][vc_row_inner row_type=&#8221;row&#8221; type=&#8221;full_width&#8221; text_align=&#8221;left&#8221; css_animation=&#8221;&#8221; css=&#8221;.vc_custom_1583138438093{padding-bottom: 16px !important;}&#8221;][vc_column_inner width=&#8221;1\/6&#8243;][vc_column_text]2007[\/vc_column_text][\/vc_column_inner][vc_column_inner width=&#8221;5\/6&#8243;][vc_column_text]<\/p>\n<div class=\"article_wrapper\">\n<div class=\"article_headline\">\n<div class=\"article_wrapper\">\n<div class=\"article_headline\">\n<div class=\"article_wrapper\">\n<div class=\"article_headline\">\n<div class=\"article_wrapper\">\n<div class=\"article_headline\">\n<div class=\"article_wrapper\">\n<div class=\"article_headline\">\n<div class=\"article_wrapper\">\n<div class=\"article_headline\">\n<div class=\"article_wrapper\">\n<div class=\"article_headline\">\n<div class=\"article_wrapper\">\n<div class=\"article_headline\">\n<div class=\"article_wrapper\">\n<div class=\"article_headline\">\n<div class=\"article_wrapper\">\n<div class=\"article_headline\">\n<div class=\"article_wrapper\">\n<div class=\"article_headline\">\n<div class=\"article_wrapper\">\n<div class=\"article_headline\">Jubileumexpositie Ferdinand van Dieten-d&#8217;Eend, Amsterdam, The Netherlands<\/div>\n<\/div>\n<div class=\"article_wrapper\">\n<div class=\"article_date\"><\/div>\n<div class=\"article_headline\">Veertig jaar kunstbeleid op de VU, expositorium Vrije Universiteit, Amsterdam, The Netherlands<\/div>\n<\/div>\n<div class=\"article_wrapper\">\n<div class=\"article_date\"><\/div>\n<div class=\"article_headline\">Zomeraccrochage, Galerie Ferdinand van Dieten-d&#8217;Eendt, Amsterdam, The Netherlands<\/div>\n<\/div>\n<div class=\"article_wrapper\">\n<div class=\"article_date\"><\/div>\n<div class=\"article_headline\">Looking Ahaed, Art Amsterdam, Galerie Ferdinand van Dieten- d&#8217;Eendt, Amsterdam, The Netherlands<\/div>\n<\/div>\n<div class=\"article_wrapper\">\n<div class=\"article_date\"><\/div>\n<div class=\"article_headline\">Ferdinand van Dieten &amp; d&#8217;Eendt, Amsterdam, The Netherlands<\/div>\n<\/div>\n<div class=\"article_wrapper\"><\/div>\n<\/div>\n<\/div>\n<\/div>\n<\/div>\n<\/div>\n<\/div>\n<\/div>\n<\/div>\n<\/div>\n<\/div>\n<\/div>\n<\/div>\n<\/div>\n<\/div>\n<\/div>\n<\/div>\n<\/div>\n<\/div>\n<\/div>\n<\/div>\n<\/div>\n<\/div>\n<p>[\/vc_column_text][\/vc_column_inner][\/vc_row_inner][vc_row_inner row_type=&#8221;row&#8221; type=&#8221;full_width&#8221; text_align=&#8221;left&#8221; css_animation=&#8221;&#8221; css=&#8221;.vc_custom_1583138438093{padding-bottom: 16px !important;}&#8221;][vc_column_inner width=&#8221;1\/6&#8243;][vc_column_text]2006[\/vc_column_text][\/vc_column_inner][vc_column_inner width=&#8221;5\/6&#8243;][vc_column_text]<\/p>\n<div class=\"article_wrapper\">\n<div class=\"article_headline\">\n<div class=\"article_wrapper\">\n<div class=\"article_headline\">\n<div class=\"article_wrapper\">\n<div class=\"article_headline\">\n<div class=\"article_wrapper\">\n<div class=\"article_headline\">\n<div class=\"article_wrapper\">\n<div class=\"article_headline\">\n<div class=\"article_wrapper\">\n<div class=\"article_headline\">\n<div class=\"article_wrapper\">\n<div class=\"article_headline\">\n<div class=\"article_wrapper\">\n<div class=\"article_headline\">\n<div class=\"article_wrapper\">\n<div class=\"article_headline\">\n<div class=\"article_wrapper\">\n<div class=\"article_headline\">\n<div class=\"article_wrapper\">\n<div class=\"article_headline\">\n<div class=\"article_wrapper\">\n<div class=\"article_headline\">\n<div class=\"article_wrapper\">\n<div class=\"article_headline\">Im Atelier, Stedelijk Museum Roermond, The Netherlands<\/div>\n<\/div>\n<div class=\"article_wrapper\">\n<div class=\"article_date\"><\/div>\n<div class=\"article_headline\">CBK, Groningen, The Netherlands<\/div>\n<\/div>\n<div class=\"article_wrapper\">\n<div class=\"article_date\"><\/div>\n<div class=\"article_headline\">Im Atelier, IKOB, Eupen, Belgium<\/div>\n<\/div>\n<div class=\"article_wrapper\">\n<div class=\"article_date\"><\/div>\n<div class=\"article_headline\">Im Atelier, Ludwig Forum f\u00fcr internationale kunst, Aachen, Germany<\/div>\n<\/div>\n<div class=\"article_wrapper\">\n<div class=\"article_date\"><\/div>\n<div class=\"article_headline\">Zomeraccrochage, Galerie Ferdinand van Dieten &amp; d&#8217;Eendt, Amsterdam, The Netherlands<\/div>\n<\/div>\n<div class=\"article_wrapper\">\n<div class=\"article_date\"><\/div>\n<div class=\"article_headline\">Art Amsterdam, Galerie Ferdinand van Dieten &amp; d&#8217;Eendt, Amsterdam, The Netherlands<\/div>\n<\/div>\n<div class=\"article_wrapper\">\n<div class=\"article_date\"><\/div>\n<div class=\"article_headline\">Art Amsterdam, Galerie De Zaal, Amsterdam, The Netherlands<\/div>\n<\/div>\n<div class=\"article_wrapper\">\n<div class=\"article_date\"><\/div>\n<div class=\"article_headline\">Uitgepakt in Zwolle, Museum de Fundatie, Zwolle, The Netherlands<\/div>\n<\/div>\n<div class=\"article_wrapper\"><\/div>\n<\/div>\n<\/div>\n<\/div>\n<\/div>\n<\/div>\n<\/div>\n<\/div>\n<\/div>\n<\/div>\n<\/div>\n<\/div>\n<\/div>\n<\/div>\n<\/div>\n<\/div>\n<\/div>\n<\/div>\n<\/div>\n<\/div>\n<\/div>\n<\/div>\n<\/div>\n<\/div>\n<\/div>\n<p>[\/vc_column_text][\/vc_column_inner][\/vc_row_inner][vc_row_inner row_type=&#8221;row&#8221; type=&#8221;full_width&#8221; text_align=&#8221;left&#8221; css_animation=&#8221;&#8221; css=&#8221;.vc_custom_1583138438093{padding-bottom: 16px !important;}&#8221;][vc_column_inner width=&#8221;1\/6&#8243;][vc_column_text]2005[\/vc_column_text][\/vc_column_inner][vc_column_inner width=&#8221;5\/6&#8243;][vc_column_text]<\/p>\n<div class=\"article_wrapper\">\n<div class=\"article_headline\">\n<div class=\"article_wrapper\">\n<div class=\"article_headline\">\n<div class=\"article_wrapper\">\n<div class=\"article_headline\">\n<div class=\"article_wrapper\">\n<div class=\"article_headline\">\n<div class=\"article_wrapper\">\n<div class=\"article_headline\">\n<div class=\"article_wrapper\">\n<div class=\"article_headline\">\n<div class=\"article_wrapper\">\n<div class=\"article_headline\">\n<div class=\"article_wrapper\">\n<div class=\"article_headline\">\n<div class=\"article_wrapper\">\n<div class=\"article_headline\">\n<div class=\"article_wrapper\">\n<div class=\"article_headline\">\n<div class=\"article_wrapper\">\n<div class=\"article_headline\">\n<div class=\"article_wrapper\">\n<div class=\"article_headline\">\n<div class=\"article_wrapper\">\n<div class=\"article_headline\">\n<div class=\"article_wrapper\">\n<div class=\"article_headline\">Im(Langu)age II, Galerie Ferdinand van Dieten &amp; d&#8217;Eendt, Amsterdam, The Netherlands<\/div>\n<\/div>\n<div class=\"article_wrapper\">\n<div class=\"article_date\"><\/div>\n<div class=\"article_headline\">Moderne Favorieten, Museum Het Valkhof, Nijmegen, The Netherlands<\/div>\n<\/div>\n<div class=\"article_wrapper\"><\/div>\n<\/div>\n<\/div>\n<\/div>\n<\/div>\n<\/div>\n<\/div>\n<\/div>\n<\/div>\n<\/div>\n<\/div>\n<\/div>\n<\/div>\n<\/div>\n<\/div>\n<\/div>\n<\/div>\n<\/div>\n<\/div>\n<\/div>\n<\/div>\n<\/div>\n<\/div>\n<\/div>\n<\/div>\n<\/div>\n<\/div>\n<p>[\/vc_column_text][\/vc_column_inner][\/vc_row_inner][vc_row_inner row_type=&#8221;row&#8221; type=&#8221;full_width&#8221; text_align=&#8221;left&#8221; css_animation=&#8221;&#8221; css=&#8221;.vc_custom_1583138438093{padding-bottom: 16px !important;}&#8221;][vc_column_inner width=&#8221;1\/6&#8243;][vc_column_text]2004[\/vc_column_text][\/vc_column_inner][vc_column_inner width=&#8221;5\/6&#8243;][vc_column_text]<\/p>\n<div class=\"article_wrapper\">\n<div class=\"article_headline\">\n<div class=\"article_wrapper\">\n<div class=\"article_headline\">\n<div class=\"article_wrapper\">\n<div class=\"article_headline\">\n<div class=\"article_wrapper\">\n<div class=\"article_headline\">\n<div class=\"article_wrapper\">\n<div class=\"article_headline\">\n<div class=\"article_wrapper\">\n<div class=\"article_headline\">\n<div class=\"article_wrapper\">\n<div class=\"article_headline\">\n<div class=\"article_wrapper\">\n<div class=\"article_headline\">\n<div class=\"article_wrapper\">\n<div class=\"article_headline\">\n<div class=\"article_wrapper\">\n<div class=\"article_headline\">\n<div class=\"article_wrapper\">\n<div class=\"article_headline\">\n<div class=\"article_wrapper\">\n<div class=\"article_headline\">\n<div class=\"article_wrapper\">\n<div class=\"article_headline\">\n<div class=\"article_wrapper\">\n<div class=\"article_headline\">Mens en Natuur, Collection d&#8217;Art, Amsterdam, The Netherlands (edition year 35 no.7)<\/div>\n<\/div>\n<div class=\"article_wrapper\"><\/div>\n<\/div>\n<\/div>\n<\/div>\n<\/div>\n<\/div>\n<\/div>\n<\/div>\n<\/div>\n<\/div>\n<\/div>\n<\/div>\n<\/div>\n<\/div>\n<\/div>\n<\/div>\n<\/div>\n<\/div>\n<\/div>\n<\/div>\n<\/div>\n<\/div>\n<\/div>\n<\/div>\n<\/div>\n<\/div>\n<\/div>\n<p>[\/vc_column_text][\/vc_column_inner][\/vc_row_inner][vc_row_inner row_type=&#8221;row&#8221; type=&#8221;full_width&#8221; text_align=&#8221;left&#8221; css_animation=&#8221;&#8221; css=&#8221;.vc_custom_1583138438093{padding-bottom: 16px !important;}&#8221;][vc_column_inner width=&#8221;1\/6&#8243;][vc_column_text]2003[\/vc_column_text][\/vc_column_inner][vc_column_inner width=&#8221;5\/6&#8243;][vc_column_text]<\/p>\n<div class=\"article_wrapper\">\n<div class=\"article_headline\">\n<div class=\"article_wrapper\">\n<div class=\"article_headline\">\n<div class=\"article_wrapper\">\n<div class=\"article_headline\">\n<div class=\"article_wrapper\">\n<div class=\"article_headline\">\n<div class=\"article_wrapper\">\n<div class=\"article_headline\">\n<div class=\"article_wrapper\">\n<div class=\"article_headline\">\n<div class=\"article_wrapper\">\n<div class=\"article_headline\">\n<div class=\"article_wrapper\">\n<div class=\"article_headline\">\n<div class=\"article_wrapper\">\n<div class=\"article_headline\">\n<div class=\"article_wrapper\">\n<div class=\"article_headline\">\n<div class=\"article_wrapper\">\n<div class=\"article_headline\">\n<div class=\"article_wrapper\">\n<div class=\"article_headline\">\n<div class=\"article_wrapper\">\n<div class=\"article_headline\">\n<div class=\"article_wrapper\">\n<div class=\"article_headline\">O.V.T., Museum van Bommel van Dam, Venlo, The Netherlands (catalogue)<\/div>\n<\/div>\n<div class=\"article_wrapper\"><\/div>\n<\/div>\n<\/div>\n<\/div>\n<\/div>\n<\/div>\n<\/div>\n<\/div>\n<\/div>\n<\/div>\n<\/div>\n<\/div>\n<\/div>\n<\/div>\n<\/div>\n<\/div>\n<\/div>\n<\/div>\n<\/div>\n<\/div>\n<\/div>\n<\/div>\n<\/div>\n<\/div>\n<\/div>\n<\/div>\n<\/div>\n<p>[\/vc_column_text][\/vc_column_inner][\/vc_row_inner][vc_row_inner row_type=&#8221;row&#8221; type=&#8221;full_width&#8221; text_align=&#8221;left&#8221; css_animation=&#8221;&#8221; css=&#8221;.vc_custom_1583138438093{padding-bottom: 16px !important;}&#8221;][vc_column_inner width=&#8221;1\/6&#8243;][vc_column_text]2002[\/vc_column_text][\/vc_column_inner][vc_column_inner width=&#8221;5\/6&#8243;][vc_column_text]<\/p>\n<div class=\"article_wrapper\">\n<div class=\"article_headline\">\n<div class=\"article_wrapper\">\n<div class=\"article_headline\">\n<div class=\"article_wrapper\">\n<div class=\"article_headline\">\n<div class=\"article_wrapper\">\n<div class=\"article_headline\">\n<div class=\"article_wrapper\">\n<div class=\"article_headline\">\n<div class=\"article_wrapper\">\n<div class=\"article_headline\">\n<div class=\"article_wrapper\">\n<div class=\"article_headline\">\n<div class=\"article_wrapper\">\n<div class=\"article_headline\">\n<div class=\"article_wrapper\">\n<div class=\"article_headline\">\n<div class=\"article_wrapper\">\n<div class=\"article_headline\">\n<div class=\"article_wrapper\">\n<div class=\"article_headline\">\n<div class=\"article_wrapper\">\n<div class=\"article_headline\">\n<div class=\"article_wrapper\">\n<div class=\"article_headline\">\n<div class=\"article_wrapper\">\n<div class=\"article_headline\">\n<div class=\"article_wrapper\">\n<div class=\"article_headline\">Landschap, Collection d&#8217;Art, Amsterdam, The Netherlands (edition year 34 no. 2)<\/div>\n<\/div>\n<div class=\"article_wrapper\">\n<div class=\"article_date\"><\/div>\n<div class=\"article_headline\">DSM Art Collectie, Glaspaleis, Heerlen, The Netherlands<\/div>\n<\/div>\n<div class=\"article_wrapper\">\n<div class=\"article_date\"><\/div>\n<div class=\"article_headline\">Elger Esser, Henk Peeters, Toon Teeken, Galerie De Zaal, Delft, The Netherlands<\/div>\n<\/div>\n<div class=\"article_wrapper\">\n<div class=\"article_date\"><\/div>\n<div class=\"article_headline\">Kunstenaar ontdekt, Quartair, the Hague, The Netherlands<\/div>\n<\/div>\n<div class=\"article_wrapper\">\n<div class=\"article_date\"><\/div>\n<div class=\"article_headline\">Iets wat zoveel kost is alles waard, De Beyerd, Breda, The Netherlands<\/div>\n<\/div>\n<div class=\"article_wrapper\">\n<div class=\"article_date\"><\/div>\n<div class=\"article_headline\">Van Armando tot Westerik, Collection d&#8217;Art, Amsterdam, The Netherlands (edition year 33 no.6)<\/div>\n<\/div>\n<div class=\"article_wrapper\">\n<div class=\"article_date\"><\/div>\n<div class=\"article_headline\">Galerie De Zaal, Delft, The Netherlands<\/div>\n<\/div>\n<div class=\"article_wrapper\"><\/div>\n<\/div>\n<\/div>\n<\/div>\n<\/div>\n<\/div>\n<\/div>\n<\/div>\n<\/div>\n<\/div>\n<\/div>\n<\/div>\n<\/div>\n<\/div>\n<\/div>\n<\/div>\n<\/div>\n<\/div>\n<\/div>\n<\/div>\n<\/div>\n<\/div>\n<\/div>\n<\/div>\n<\/div>\n<\/div>\n<\/div>\n<\/div>\n<\/div>\n<p>[\/vc_column_text][\/vc_column_inner][\/vc_row_inner][vc_row_inner row_type=&#8221;row&#8221; type=&#8221;full_width&#8221; text_align=&#8221;left&#8221; css_animation=&#8221;&#8221; css=&#8221;.vc_custom_1583138438093{padding-bottom: 16px !important;}&#8221;][vc_column_inner width=&#8221;1\/6&#8243;][vc_column_text]2001[\/vc_column_text][\/vc_column_inner][vc_column_inner width=&#8221;5\/6&#8243;][vc_column_text]<\/p>\n<div class=\"article_wrapper\">\n<div class=\"article_headline\">\n<div class=\"article_wrapper\">\n<div class=\"article_headline\">\n<div class=\"article_wrapper\">\n<div class=\"article_headline\">\n<div class=\"article_wrapper\">\n<div class=\"article_headline\">\n<div class=\"article_wrapper\">\n<div class=\"article_headline\">\n<div class=\"article_wrapper\">\n<div class=\"article_headline\">\n<div class=\"article_wrapper\">\n<div class=\"article_headline\">\n<div class=\"article_wrapper\">\n<div class=\"article_headline\">\n<div class=\"article_wrapper\">\n<div class=\"article_headline\">\n<div class=\"article_wrapper\">\n<div class=\"article_headline\">\n<div class=\"article_wrapper\">\n<div class=\"article_headline\">\n<div class=\"article_wrapper\">\n<div class=\"article_headline\">\n<div class=\"article_wrapper\">\n<div class=\"article_headline\">\n<div class=\"article_wrapper\">\n<div class=\"article_headline\">\n<div class=\"article_wrapper\">\n<div class=\"article_headline\">\n<div class=\"article_wrapper\">\n<div class=\"article_headline\">Huisraad Onraad, Oder die Dingen in der Umwelt der fliege, Bonnefantenmuseum, Maastricht, The Netherlands<\/div>\n<\/div>\n<div class=\"article_wrapper\">\n<div class=\"article_date\"><\/div>\n<div class=\"article_headline\">Kunst Rai, Galerie De Zaal, Amsterdam, The Netherlands<\/div>\n<\/div>\n<div class=\"article_wrapper\"><\/div>\n<\/div>\n<\/div>\n<\/div>\n<\/div>\n<\/div>\n<\/div>\n<\/div>\n<\/div>\n<\/div>\n<\/div>\n<\/div>\n<\/div>\n<\/div>\n<\/div>\n<\/div>\n<\/div>\n<\/div>\n<\/div>\n<\/div>\n<\/div>\n<\/div>\n<\/div>\n<\/div>\n<\/div>\n<\/div>\n<\/div>\n<\/div>\n<\/div>\n<\/div>\n<\/div>\n<p>[\/vc_column_text][\/vc_column_inner][\/vc_row_inner][vc_row_inner row_type=&#8221;row&#8221; type=&#8221;full_width&#8221; text_align=&#8221;left&#8221; css_animation=&#8221;&#8221; css=&#8221;.vc_custom_1583138438093{padding-bottom: 16px !important;}&#8221;][vc_column_inner width=&#8221;1\/6&#8243;][vc_column_text]2000[\/vc_column_text][\/vc_column_inner][vc_column_inner width=&#8221;5\/6&#8243;][vc_column_text]<\/p>\n<div class=\"article_wrapper\">\n<div class=\"article_headline\">\n<div class=\"article_wrapper\">\n<div class=\"article_headline\">\n<div class=\"article_wrapper\">\n<div class=\"article_headline\">\n<div class=\"article_wrapper\">\n<div class=\"article_headline\">\n<div class=\"article_wrapper\">\n<div class=\"article_headline\">\n<div class=\"article_wrapper\">\n<div class=\"article_headline\">\n<div class=\"article_wrapper\">\n<div class=\"article_headline\">\n<div class=\"article_wrapper\">\n<div class=\"article_headline\">\n<div class=\"article_wrapper\">\n<div class=\"article_headline\">\n<div class=\"article_wrapper\">\n<div class=\"article_headline\">\n<div class=\"article_wrapper\">\n<div class=\"article_headline\">\n<div class=\"article_wrapper\">\n<div class=\"article_headline\">\n<div class=\"article_wrapper\">\n<div class=\"article_headline\">\n<div class=\"article_wrapper\">\n<div class=\"article_headline\">\n<div class=\"article_wrapper\">\n<div class=\"article_headline\">\n<div class=\"article_wrapper\">\n<div class=\"article_headline\">\n<div class=\"article_wrapper\">\n<div class=\"article_headline\">Inkeer, stichting Collage, Stevenweert, The Netherlands<\/div>\n<\/div>\n<div class=\"article_wrapper\">\n<div class=\"article_date\"><\/div>\n<div class=\"article_headline\">Regeneration, Zeitgen\u00f6ssische K\u00fcnstler aus Niederl\u00e4ndisch Limburg, IKOB, Eupen, Belgium<\/div>\n<\/div>\n<div class=\"article_wrapper\"><\/div>\n<\/div>\n<\/div>\n<\/div>\n<\/div>\n<\/div>\n<\/div>\n<\/div>\n<\/div>\n<\/div>\n<\/div>\n<\/div>\n<\/div>\n<\/div>\n<\/div>\n<\/div>\n<\/div>\n<\/div>\n<\/div>\n<\/div>\n<\/div>\n<\/div>\n<\/div>\n<\/div>\n<\/div>\n<\/div>\n<\/div>\n<\/div>\n<\/div>\n<\/div>\n<\/div>\n<\/div>\n<\/div>\n<p>[\/vc_column_text][\/vc_column_inner][\/vc_row_inner][vc_row_inner row_type=&#8221;row&#8221; type=&#8221;full_width&#8221; text_align=&#8221;left&#8221; css_animation=&#8221;&#8221; css=&#8221;.vc_custom_1583138438093{padding-bottom: 16px !important;}&#8221;][vc_column_inner width=&#8221;1\/6&#8243;][vc_column_text]1999[\/vc_column_text][\/vc_column_inner][vc_column_inner width=&#8221;5\/6&#8243;][vc_column_text]<\/p>\n<div class=\"article_wrapper\">\n<div class=\"article_headline\">\n<div class=\"article_wrapper\">\n<div class=\"article_headline\">\n<div class=\"article_wrapper\">\n<div class=\"article_headline\">\n<div class=\"article_wrapper\">\n<div class=\"article_headline\">\n<div class=\"article_wrapper\">\n<div class=\"article_headline\">\n<div class=\"article_wrapper\">\n<div class=\"article_headline\">\n<div class=\"article_wrapper\">\n<div class=\"article_headline\">\n<div class=\"article_wrapper\">\n<div class=\"article_headline\">\n<div class=\"article_wrapper\">\n<div class=\"article_headline\">\n<div class=\"article_wrapper\">\n<div class=\"article_headline\">\n<div class=\"article_wrapper\">\n<div class=\"article_headline\">\n<div class=\"article_wrapper\">\n<div class=\"article_headline\">\n<div class=\"article_wrapper\">\n<div class=\"article_headline\">\n<div class=\"article_wrapper\">\n<div class=\"article_headline\">\n<div class=\"article_wrapper\">\n<div class=\"article_headline\">\n<div class=\"article_wrapper\">\n<div class=\"article_headline\">\n<div class=\"article_wrapper\">\n<div class=\"article_headline\">\n<div class=\"article_wrapper\">\n<div class=\"article_headline\">Openingstentoonstelling Museum Het Valkhof, Nijmegen, The Netherlands<\/div>\n<\/div>\n<div class=\"article_wrapper\">\n<div class=\"article_date\"><\/div>\n<div class=\"article_headline\">L\u00f6ss, Stadsgalerij, Heerlen, The Netherlands<\/div>\n<\/div>\n<div class=\"article_wrapper\">\n<div class=\"article_date\"><\/div>\n<div class=\"article_headline\">Kunst Rai, Galerie De Zaal, Amsterdam, The Netherlands<\/div>\n<\/div>\n<div class=\"article_wrapper\"><\/div>\n<\/div>\n<\/div>\n<\/div>\n<\/div>\n<\/div>\n<\/div>\n<\/div>\n<\/div>\n<\/div>\n<\/div>\n<\/div>\n<\/div>\n<\/div>\n<\/div>\n<\/div>\n<\/div>\n<\/div>\n<\/div>\n<\/div>\n<\/div>\n<\/div>\n<\/div>\n<\/div>\n<\/div>\n<\/div>\n<\/div>\n<\/div>\n<\/div>\n<\/div>\n<\/div>\n<\/div>\n<\/div>\n<\/div>\n<\/div>\n<p>[\/vc_column_text][\/vc_column_inner][\/vc_row_inner][vc_row_inner row_type=&#8221;row&#8221; type=&#8221;full_width&#8221; text_align=&#8221;left&#8221; css_animation=&#8221;&#8221; css=&#8221;.vc_custom_1583138438093{padding-bottom: 16px !important;}&#8221;][vc_column_inner width=&#8221;1\/6&#8243;][vc_column_text]1998[\/vc_column_text][\/vc_column_inner][vc_column_inner width=&#8221;5\/6&#8243;][vc_column_text]<\/p>\n<div class=\"article_wrapper\">\n<div class=\"article_headline\">\n<div class=\"article_wrapper\">\n<div class=\"article_headline\">\n<div class=\"article_wrapper\">\n<div class=\"article_headline\">\n<div class=\"article_wrapper\">\n<div class=\"article_headline\">\n<div class=\"article_wrapper\">\n<div class=\"article_headline\">\n<div class=\"article_wrapper\">\n<div class=\"article_headline\">\n<div class=\"article_wrapper\">\n<div class=\"article_headline\">\n<div class=\"article_wrapper\">\n<div class=\"article_headline\">\n<div class=\"article_wrapper\">\n<div class=\"article_headline\">\n<div class=\"article_wrapper\">\n<div class=\"article_headline\">\n<div class=\"article_wrapper\">\n<div class=\"article_headline\">\n<div class=\"article_wrapper\">\n<div class=\"article_headline\">\n<div class=\"article_wrapper\">\n<div class=\"article_headline\">\n<div class=\"article_wrapper\">\n<div class=\"article_headline\">\n<div class=\"article_wrapper\">\n<div class=\"article_headline\">\n<div class=\"article_wrapper\">\n<div class=\"article_headline\">\n<div class=\"article_wrapper\">\n<div class=\"article_headline\">\n<div class=\"article_wrapper\">\n<div class=\"article_headline\">\n<div class=\"article_wrapper\">\n<div class=\"article_headline\">De vele gezichten van de bank, regiokantoor ABN AMRO, the Hague, The Netherlands<\/div>\n<\/div>\n<div class=\"article_wrapper\">\n<div class=\"article_date\"><\/div>\n<div class=\"article_headline\">Galerie De Zaal, Delft, The Netherlands<\/div>\n<\/div>\n<div class=\"article_wrapper\">\n<div class=\"article_date\"><\/div>\n<div class=\"article_headline\">Collection d&#8217;art, Amsterdam, The Netherlands (edition year 29 no.6)<\/div>\n<\/div>\n<div class=\"article_wrapper\">\n<div class=\"article_date\"><\/div>\n<div class=\"article_headline\">Ladenkastprojekt, Phoebus, Rotterdam, The Netherlands<\/div>\n<\/div>\n<div class=\"article_wrapper\"><\/div>\n<\/div>\n<\/div>\n<\/div>\n<\/div>\n<\/div>\n<\/div>\n<\/div>\n<\/div>\n<\/div>\n<\/div>\n<\/div>\n<\/div>\n<\/div>\n<\/div>\n<\/div>\n<\/div>\n<\/div>\n<\/div>\n<\/div>\n<\/div>\n<\/div>\n<\/div>\n<\/div>\n<\/div>\n<\/div>\n<\/div>\n<\/div>\n<\/div>\n<\/div>\n<\/div>\n<\/div>\n<\/div>\n<\/div>\n<\/div>\n<\/div>\n<\/div>\n<p>[\/vc_column_text][\/vc_column_inner][\/vc_row_inner][vc_row_inner row_type=&#8221;row&#8221; type=&#8221;full_width&#8221; text_align=&#8221;left&#8221; css_animation=&#8221;&#8221; css=&#8221;.vc_custom_1583138438093{padding-bottom: 16px !important;}&#8221;][vc_column_inner width=&#8221;1\/6&#8243;][vc_column_text]1997[\/vc_column_text][\/vc_column_inner][vc_column_inner width=&#8221;5\/6&#8243;][vc_column_text]<\/p>\n<div class=\"article_wrapper\">\n<div class=\"article_headline\">\n<div class=\"article_wrapper\">\n<div class=\"article_headline\">\n<div class=\"article_wrapper\">\n<div class=\"article_headline\">\n<div class=\"article_wrapper\">\n<div class=\"article_headline\">\n<div class=\"article_wrapper\">\n<div class=\"article_headline\">\n<div class=\"article_wrapper\">\n<div class=\"article_headline\">\n<div class=\"article_wrapper\">\n<div class=\"article_headline\">\n<div class=\"article_wrapper\">\n<div class=\"article_headline\">\n<div class=\"article_wrapper\">\n<div class=\"article_headline\">\n<div class=\"article_wrapper\">\n<div class=\"article_headline\">\n<div class=\"article_wrapper\">\n<div class=\"article_headline\">\n<div class=\"article_wrapper\">\n<div class=\"article_headline\">\n<div class=\"article_wrapper\">\n<div class=\"article_headline\">\n<div class=\"article_wrapper\">\n<div class=\"article_headline\">\n<div class=\"article_wrapper\">\n<div class=\"article_headline\">\n<div class=\"article_wrapper\">\n<div class=\"article_headline\">\n<div class=\"article_wrapper\">\n<div class=\"article_headline\">\n<div class=\"article_wrapper\">\n<div class=\"article_headline\">\n<div class=\"article_wrapper\">\n<div class=\"article_headline\">\n<div class=\"article_wrapper\">\n<div class=\"article_headline\">Prentkunst, Ziekenfondsraad, Amstelveen, The Netherlands<\/div>\n<\/div>\n<div class=\"article_wrapper\">\n<div class=\"article_date\"><\/div>\n<div class=\"article_headline\">Triptych, Museum Van Bommel Van Dam, Venlo, The Netherlands<\/div>\n<\/div>\n<div class=\"article_wrapper\">\n<div class=\"article_date\"><\/div>\n<div class=\"article_headline\">Bonnefantenfestival, Bonnefantenmuseum, Maastricht, The Netherlands<\/div>\n<\/div>\n<div class=\"article_wrapper\">\n<div class=\"article_date\"><\/div>\n<div class=\"article_headline\">Handmade Prints, Marcel Kalksma, Amsterdam, The Netherlands<\/div>\n<\/div>\n<div class=\"article_wrapper\">\n<div class=\"article_date\"><\/div>\n<div class=\"article_headline\">Eutopia, mailart from the west, Gouvernement, Maastricht, The Netherlands (catalogue cd rom)<\/div>\n<\/div>\n<div class=\"article_wrapper\">\n<div class=\"article_date\"><\/div>\n<div class=\"article_headline\">10 jaar aankopen, Stadsgalerij, Heerlen, The Netherlands<\/div>\n<\/div>\n<div class=\"article_wrapper\"><\/div>\n<\/div>\n<\/div>\n<\/div>\n<\/div>\n<\/div>\n<\/div>\n<\/div>\n<\/div>\n<\/div>\n<\/div>\n<\/div>\n<\/div>\n<\/div>\n<\/div>\n<\/div>\n<\/div>\n<\/div>\n<\/div>\n<\/div>\n<\/div>\n<\/div>\n<\/div>\n<\/div>\n<\/div>\n<\/div>\n<\/div>\n<\/div>\n<\/div>\n<\/div>\n<\/div>\n<\/div>\n<\/div>\n<\/div>\n<\/div>\n<\/div>\n<\/div>\n<\/div>\n<\/div>\n<p>[\/vc_column_text][\/vc_column_inner][\/vc_row_inner][vc_row_inner row_type=&#8221;row&#8221; type=&#8221;full_width&#8221; text_align=&#8221;left&#8221; css_animation=&#8221;&#8221; css=&#8221;.vc_custom_1583138438093{padding-bottom: 16px !important;}&#8221;][vc_column_inner width=&#8221;1\/6&#8243;][vc_column_text]1996[\/vc_column_text][\/vc_column_inner][vc_column_inner width=&#8221;5\/6&#8243;][vc_column_text]<\/p>\n<div class=\"article_wrapper\">\n<div class=\"article_headline\">\n<div class=\"article_wrapper\">\n<div class=\"article_headline\">\n<div class=\"article_wrapper\">\n<div class=\"article_headline\">\n<div class=\"article_wrapper\">\n<div class=\"article_headline\">\n<div class=\"article_wrapper\">\n<div class=\"article_headline\">\n<div class=\"article_wrapper\">\n<div class=\"article_headline\">\n<div class=\"article_wrapper\">\n<div class=\"article_headline\">\n<div class=\"article_wrapper\">\n<div class=\"article_headline\">\n<div class=\"article_wrapper\">\n<div class=\"article_headline\">\n<div class=\"article_wrapper\">\n<div class=\"article_headline\">\n<div class=\"article_wrapper\">\n<div class=\"article_headline\">\n<div class=\"article_wrapper\">\n<div class=\"article_headline\">\n<div class=\"article_wrapper\">\n<div class=\"article_headline\">\n<div class=\"article_wrapper\">\n<div class=\"article_headline\">\n<div class=\"article_wrapper\">\n<div class=\"article_headline\">\n<div class=\"article_wrapper\">\n<div class=\"article_headline\">\n<div class=\"article_wrapper\">\n<div class=\"article_headline\">\n<div class=\"article_wrapper\">\n<div class=\"article_headline\">\n<div class=\"article_wrapper\">\n<div class=\"article_headline\">\n<div class=\"article_wrapper\">\n<div class=\"article_headline\">\n<div class=\"article_wrapper\">\n<div class=\"article_headline\">Kunsteditie voor duchenne, Hotel Pulitzer, Amsterdam, The Netherlands (catalogue)<\/div>\n<\/div>\n<div class=\"article_wrapper\">\n<div class=\"article_date\"><\/div>\n<div class=\"article_headline\">Ladders, Loerakker galerie, Amsterdam, The Netherlands<\/div>\n<\/div>\n<div class=\"article_wrapper\">\n<div class=\"article_date\"><\/div>\n<div class=\"article_headline\">&#8220;Punkt und linie zu flache&#8221; Phoebus, Rotterdam, The Netherlands<\/div>\n<\/div>\n<div class=\"article_wrapper\"><\/div>\n<\/div>\n<\/div>\n<\/div>\n<\/div>\n<\/div>\n<\/div>\n<\/div>\n<\/div>\n<\/div>\n<\/div>\n<\/div>\n<\/div>\n<\/div>\n<\/div>\n<\/div>\n<\/div>\n<\/div>\n<\/div>\n<\/div>\n<\/div>\n<\/div>\n<\/div>\n<\/div>\n<\/div>\n<\/div>\n<\/div>\n<\/div>\n<\/div>\n<\/div>\n<\/div>\n<\/div>\n<\/div>\n<\/div>\n<\/div>\n<\/div>\n<\/div>\n<\/div>\n<\/div>\n<\/div>\n<\/div>\n<p>[\/vc_column_text][\/vc_column_inner][\/vc_row_inner][vc_row_inner row_type=&#8221;row&#8221; type=&#8221;full_width&#8221; text_align=&#8221;left&#8221; css_animation=&#8221;&#8221; css=&#8221;.vc_custom_1583138438093{padding-bottom: 16px !important;}&#8221;][vc_column_inner width=&#8221;1\/6&#8243;][vc_column_text]1995[\/vc_column_text][\/vc_column_inner][vc_column_inner width=&#8221;5\/6&#8243;][vc_column_text]<\/p>\n<div class=\"article_wrapper\">\n<div class=\"article_headline\">\n<div class=\"article_wrapper\">\n<div class=\"article_headline\">\n<div class=\"article_wrapper\">\n<div class=\"article_headline\">\n<div class=\"article_wrapper\">\n<div class=\"article_headline\">\n<div class=\"article_wrapper\">\n<div class=\"article_headline\">\n<div class=\"article_wrapper\">\n<div class=\"article_headline\">\n<div class=\"article_wrapper\">\n<div class=\"article_headline\">\n<div class=\"article_wrapper\">\n<div class=\"article_headline\">\n<div class=\"article_wrapper\">\n<div class=\"article_headline\">\n<div class=\"article_wrapper\">\n<div class=\"article_headline\">\n<div class=\"article_wrapper\">\n<div class=\"article_headline\">\n<div class=\"article_wrapper\">\n<div class=\"article_headline\">\n<div class=\"article_wrapper\">\n<div class=\"article_headline\">\n<div class=\"article_wrapper\">\n<div class=\"article_headline\">\n<div class=\"article_wrapper\">\n<div class=\"article_headline\">\n<div class=\"article_wrapper\">\n<div class=\"article_headline\">\n<div class=\"article_wrapper\">\n<div class=\"article_headline\">\n<div class=\"article_wrapper\">\n<div class=\"article_headline\">\n<div class=\"article_wrapper\">\n<div class=\"article_headline\">\n<div class=\"article_wrapper\">\n<div class=\"article_headline\">\n<div class=\"article_wrapper\">\n<div class=\"article_headline\">\n<div class=\"article_wrapper\">\n<div class=\"article_headline\">Drink me, Artis, &#8216;s Hertogenbosch, The Netherlands<\/div>\n<\/div>\n<div class=\"article_wrapper\">\n<div class=\"article_date\"><\/div>\n<div class=\"article_headline\">Werken op papier uit de collectie van de ABN AMRO Bank, Stedelijk Museum, Amsterdam, The Netherlands<\/div>\n<\/div>\n<div class=\"article_wrapper\">\n<div class=\"article_date\"><\/div>\n<div class=\"article_headline\">Ladenkastprojekt, Phoebus, Rotterdam, The Netherlands<\/div>\n<\/div>\n<div class=\"article_wrapper\"><\/div>\n<\/div>\n<\/div>\n<\/div>\n<\/div>\n<\/div>\n<\/div>\n<\/div>\n<\/div>\n<\/div>\n<\/div>\n<\/div>\n<\/div>\n<\/div>\n<\/div>\n<\/div>\n<\/div>\n<\/div>\n<\/div>\n<\/div>\n<\/div>\n<\/div>\n<\/div>\n<\/div>\n<\/div>\n<\/div>\n<\/div>\n<\/div>\n<\/div>\n<\/div>\n<\/div>\n<\/div>\n<\/div>\n<\/div>\n<\/div>\n<\/div>\n<\/div>\n<\/div>\n<\/div>\n<\/div>\n<\/div>\n<\/div>\n<\/div>\n<p>[\/vc_column_text][\/vc_column_inner][\/vc_row_inner][vc_row_inner row_type=&#8221;row&#8221; type=&#8221;full_width&#8221; text_align=&#8221;left&#8221; css_animation=&#8221;&#8221; css=&#8221;.vc_custom_1583138438093{padding-bottom: 16px !important;}&#8221;][vc_column_inner width=&#8221;1\/6&#8243;][vc_column_text]1994[\/vc_column_text][\/vc_column_inner][vc_column_inner width=&#8221;5\/6&#8243;][vc_column_text]<\/p>\n<div class=\"article_wrapper\">\n<div class=\"article_headline\">\n<div class=\"article_wrapper\">\n<div class=\"article_headline\">\n<div class=\"article_wrapper\">\n<div class=\"article_headline\">\n<div class=\"article_wrapper\">\n<div class=\"article_headline\">\n<div class=\"article_wrapper\">\n<div class=\"article_headline\">\n<div class=\"article_wrapper\">\n<div class=\"article_headline\">\n<div class=\"article_wrapper\">\n<div class=\"article_headline\">\n<div class=\"article_wrapper\">\n<div class=\"article_headline\">\n<div class=\"article_wrapper\">\n<div class=\"article_headline\">\n<div class=\"article_wrapper\">\n<div class=\"article_headline\">\n<div class=\"article_wrapper\">\n<div class=\"article_headline\">\n<div class=\"article_wrapper\">\n<div class=\"article_headline\">\n<div class=\"article_wrapper\">\n<div class=\"article_headline\">\n<div class=\"article_wrapper\">\n<div class=\"article_headline\">\n<div class=\"article_wrapper\">\n<div class=\"article_headline\">\n<div class=\"article_wrapper\">\n<div class=\"article_headline\">\n<div class=\"article_wrapper\">\n<div class=\"article_headline\">\n<div class=\"article_wrapper\">\n<div class=\"article_headline\">\n<div class=\"article_wrapper\">\n<div class=\"article_headline\">\n<div class=\"article_wrapper\">\n<div class=\"article_headline\">\n<div class=\"article_wrapper\">\n<div class=\"article_headline\">\n<div class=\"article_wrapper\">\n<div class=\"article_headline\">\n<div class=\"article_wrapper\">\n<div class=\"article_headline\">Denkbeelden, Stichting Archipel, Apeldoorn, The Netherlands<\/div>\n<\/div>\n<div class=\"article_wrapper\">\n<div class=\"article_date\"><\/div>\n<div class=\"article_headline\">25 jaar Collection d&#8217;art, Amsterdam, The Netherlands (edition year 26 no.2)<\/div>\n<\/div>\n<div class=\"article_wrapper\">\n<div class=\"article_date\"><\/div>\n<div class=\"article_headline\">Het getekende gelaat, Herman Molendijkstichting, Centrum Beeldende Kunst, Amersfoort, the Netherlands (catalogue); after this at de Wieger, Deurne, The Netherlands<\/div>\n<\/div>\n<div class=\"article_wrapper\"><\/div>\n<\/div>\n<\/div>\n<\/div>\n<\/div>\n<\/div>\n<\/div>\n<\/div>\n<\/div>\n<\/div>\n<\/div>\n<\/div>\n<\/div>\n<\/div>\n<\/div>\n<\/div>\n<\/div>\n<\/div>\n<\/div>\n<\/div>\n<\/div>\n<\/div>\n<\/div>\n<\/div>\n<\/div>\n<\/div>\n<\/div>\n<\/div>\n<\/div>\n<\/div>\n<\/div>\n<\/div>\n<\/div>\n<\/div>\n<\/div>\n<\/div>\n<\/div>\n<\/div>\n<\/div>\n<\/div>\n<\/div>\n<\/div>\n<\/div>\n<\/div>\n<\/div>\n<p>[\/vc_column_text][\/vc_column_inner][\/vc_row_inner][vc_row_inner row_type=&#8221;row&#8221; type=&#8221;full_width&#8221; text_align=&#8221;left&#8221; css_animation=&#8221;&#8221; css=&#8221;.vc_custom_1583138438093{padding-bottom: 16px !important;}&#8221;][vc_column_inner width=&#8221;1\/6&#8243;][vc_column_text]1993[\/vc_column_text][\/vc_column_inner][vc_column_inner width=&#8221;5\/6&#8243;][vc_column_text]<\/p>\n<div class=\"article_wrapper\">\n<div class=\"article_headline\">\n<div class=\"article_wrapper\">\n<div class=\"article_headline\">\n<div class=\"article_wrapper\">\n<div class=\"article_headline\">\n<div class=\"article_wrapper\">\n<div class=\"article_headline\">\n<div class=\"article_wrapper\">\n<div class=\"article_headline\">\n<div class=\"article_wrapper\">\n<div class=\"article_headline\">\n<div class=\"article_wrapper\">\n<div class=\"article_headline\">\n<div class=\"article_wrapper\">\n<div class=\"article_headline\">\n<div class=\"article_wrapper\">\n<div class=\"article_headline\">\n<div class=\"article_wrapper\">\n<div class=\"article_headline\">\n<div class=\"article_wrapper\">\n<div class=\"article_headline\">\n<div class=\"article_wrapper\">\n<div class=\"article_headline\">\n<div class=\"article_wrapper\">\n<div class=\"article_headline\">\n<div class=\"article_wrapper\">\n<div class=\"article_headline\">\n<div class=\"article_wrapper\">\n<div class=\"article_headline\">\n<div class=\"article_wrapper\">\n<div class=\"article_headline\">\n<div class=\"article_wrapper\">\n<div class=\"article_headline\">\n<div class=\"article_wrapper\">\n<div class=\"article_headline\">\n<div class=\"article_wrapper\">\n<div class=\"article_headline\">\n<div class=\"article_wrapper\">\n<div class=\"article_headline\">\n<div class=\"article_wrapper\">\n<div class=\"article_headline\">\n<div class=\"article_wrapper\">\n<div class=\"article_headline\">\n<div class=\"article_wrapper\">\n<div class=\"article_headline\">\n<div class=\"article_wrapper\">\n<div class=\"article_headline\">Niet een hand maar de geste, Loerakker galerie, Amsterdam, The Netherlands (catalogue)<\/div>\n<\/div>\n<div class=\"article_wrapper\">\n<div class=\"article_date\"><\/div>\n<div class=\"article_headline\">Ohne rose geht es nicht, galerie Wanda Reiff, Maastricht, The Netherlands<\/div>\n<\/div>\n<div class=\"article_wrapper\">\n<div class=\"article_date\"><\/div>\n<div class=\"article_headline\">Last rose of summer, galerie Wanda Reiff, Amsterdam, The Netherlands<\/div>\n<\/div>\n<div class=\"article_wrapper\">\n<div class=\"article_date\"><\/div>\n<div class=\"article_headline\">Van Domela tot Westerik, Collection d&#8217;art, Amsterdam, The Netherlands (edition year.23 no.7)<\/div>\n<\/div>\n<div class=\"article_wrapper\">\n<div class=\"article_date\"><\/div>\n<div class=\"article_headline\">De mensen en de dingen, Rijksmuseum Twente, The Netherlands; after this a travelling exhibition<\/div>\n<\/div>\n<div class=\"article_wrapper\">\n<div class=\"article_date\"><\/div>\n<div class=\"article_headline\">Kunst Rai, Collection d&#8217;art, Amsterdam, The Netherlands<\/div>\n<\/div>\n<div class=\"article_wrapper\">\n<div class=\"article_date\"><\/div>\n<div class=\"article_headline\">10 x 10 in verstek, Printschop, Amsterdam, The Netherlands (catalogue); after this at de Beyerd, Breda, The Netherlands<\/div>\n<\/div>\n<div class=\"article_wrapper\"><\/div>\n<\/div>\n<\/div>\n<\/div>\n<\/div>\n<\/div>\n<\/div>\n<\/div>\n<\/div>\n<\/div>\n<\/div>\n<\/div>\n<\/div>\n<\/div>\n<\/div>\n<\/div>\n<\/div>\n<\/div>\n<\/div>\n<\/div>\n<\/div>\n<\/div>\n<\/div>\n<\/div>\n<\/div>\n<\/div>\n<\/div>\n<\/div>\n<\/div>\n<\/div>\n<\/div>\n<\/div>\n<\/div>\n<\/div>\n<\/div>\n<\/div>\n<\/div>\n<\/div>\n<\/div>\n<\/div>\n<\/div>\n<\/div>\n<\/div>\n<\/div>\n<\/div>\n<\/div>\n<\/div>\n<p>[\/vc_column_text][\/vc_column_inner][\/vc_row_inner][vc_row_inner row_type=&#8221;row&#8221; type=&#8221;full_width&#8221; text_align=&#8221;left&#8221; css_animation=&#8221;&#8221; css=&#8221;.vc_custom_1583138438093{padding-bottom: 16px !important;}&#8221;][vc_column_inner width=&#8221;1\/6&#8243;][vc_column_text]1991[\/vc_column_text][\/vc_column_inner][vc_column_inner width=&#8221;5\/6&#8243;][vc_column_text]<\/p>\n<div class=\"article_wrapper\">\n<div class=\"article_headline\">\n<div class=\"article_wrapper\">\n<div class=\"article_headline\">\n<div class=\"article_wrapper\">\n<div class=\"article_headline\">\n<div class=\"article_wrapper\">\n<div class=\"article_headline\">\n<div class=\"article_wrapper\">\n<div class=\"article_headline\">\n<div class=\"article_wrapper\">\n<div class=\"article_headline\">\n<div class=\"article_wrapper\">\n<div class=\"article_headline\">\n<div class=\"article_wrapper\">\n<div class=\"article_headline\">\n<div class=\"article_wrapper\">\n<div class=\"article_headline\">\n<div class=\"article_wrapper\">\n<div class=\"article_headline\">\n<div class=\"article_wrapper\">\n<div class=\"article_headline\">\n<div class=\"article_wrapper\">\n<div class=\"article_headline\">\n<div class=\"article_wrapper\">\n<div class=\"article_headline\">\n<div class=\"article_wrapper\">\n<div class=\"article_headline\">\n<div class=\"article_wrapper\">\n<div class=\"article_headline\">\n<div class=\"article_wrapper\">\n<div class=\"article_headline\">\n<div class=\"article_wrapper\">\n<div class=\"article_headline\">\n<div class=\"article_wrapper\">\n<div class=\"article_headline\">\n<div class=\"article_wrapper\">\n<div class=\"article_headline\">\n<div class=\"article_wrapper\">\n<div class=\"article_headline\">\n<div class=\"article_wrapper\">\n<div class=\"article_headline\">\n<div class=\"article_wrapper\">\n<div class=\"article_headline\">\n<div class=\"article_wrapper\">\n<div class=\"article_headline\">\n<div class=\"article_wrapper\">\n<div class=\"article_headline\">\n<div class=\"article_wrapper\">\n<div class=\"article_headline\">Hemel en Aarde, Bonnefantenmuseum, Maastricht, The Netherlands (catalogue)<\/div>\n<\/div>\n<div class=\"article_wrapper\">\n<div class=\"article_date\"><\/div>\n<div class=\"article_headline\">Rond Frans Bud\u00e9, Galerie Wolfs, Maastricht, The Netherlands<\/div>\n<\/div>\n<div class=\"article_wrapper\"><\/div>\n<\/div>\n<\/div>\n<\/div>\n<\/div>\n<\/div>\n<\/div>\n<\/div>\n<\/div>\n<\/div>\n<\/div>\n<\/div>\n<\/div>\n<\/div>\n<\/div>\n<\/div>\n<\/div>\n<\/div>\n<\/div>\n<\/div>\n<\/div>\n<\/div>\n<\/div>\n<\/div>\n<\/div>\n<\/div>\n<\/div>\n<\/div>\n<\/div>\n<\/div>\n<\/div>\n<\/div>\n<\/div>\n<\/div>\n<\/div>\n<\/div>\n<\/div>\n<\/div>\n<\/div>\n<\/div>\n<\/div>\n<\/div>\n<\/div>\n<\/div>\n<\/div>\n<\/div>\n<\/div>\n<\/div>\n<\/div>\n<p>[\/vc_column_text][\/vc_column_inner][\/vc_row_inner][vc_row_inner row_type=&#8221;row&#8221; type=&#8221;full_width&#8221; text_align=&#8221;left&#8221; css_animation=&#8221;&#8221; css=&#8221;.vc_custom_1583138438093{padding-bottom: 16px !important;}&#8221;][vc_column_inner width=&#8221;1\/6&#8243;][vc_column_text]1989[\/vc_column_text][\/vc_column_inner][vc_column_inner width=&#8221;5\/6&#8243;][vc_column_text]<\/p>\n<div class=\"article_wrapper\">\n<div class=\"article_headline\">\n<div class=\"article_wrapper\">\n<div class=\"article_headline\">\n<div class=\"article_wrapper\">\n<div class=\"article_headline\">\n<div class=\"article_wrapper\">\n<div class=\"article_headline\">\n<div class=\"article_wrapper\">\n<div class=\"article_headline\">\n<div class=\"article_wrapper\">\n<div class=\"article_headline\">\n<div class=\"article_wrapper\">\n<div class=\"article_headline\">\n<div class=\"article_wrapper\">\n<div class=\"article_headline\">\n<div class=\"article_wrapper\">\n<div class=\"article_headline\">\n<div class=\"article_wrapper\">\n<div class=\"article_headline\">\n<div class=\"article_wrapper\">\n<div class=\"article_headline\">\n<div class=\"article_wrapper\">\n<div class=\"article_headline\">\n<div class=\"article_wrapper\">\n<div class=\"article_headline\">\n<div class=\"article_wrapper\">\n<div class=\"article_headline\">\n<div class=\"article_wrapper\">\n<div class=\"article_headline\">\n<div class=\"article_wrapper\">\n<div class=\"article_headline\">\n<div class=\"article_wrapper\">\n<div class=\"article_headline\">\n<div class=\"article_wrapper\">\n<div class=\"article_headline\">\n<div class=\"article_wrapper\">\n<div class=\"article_headline\">\n<div class=\"article_wrapper\">\n<div class=\"article_headline\">\n<div class=\"article_wrapper\">\n<div class=\"article_headline\">\n<div class=\"article_wrapper\">\n<div class=\"article_headline\">\n<div class=\"article_wrapper\">\n<div class=\"article_headline\">\n<div class=\"article_wrapper\">\n<div class=\"article_headline\">\n<div class=\"article_wrapper\">\n<div class=\"article_headline\">\n<div class=\"article_wrapper\">\n<div class=\"article_headline\">Kringloop, De Nederlandse Bank, Amsterdam, The Netherlands<\/div>\n<\/div>\n<div class=\"article_wrapper\">\n<div class=\"article_date\"><\/div>\n<div class=\"article_headline\">HUIS, galerie Bleeker, Heemstede, The Netherlands<\/div>\n<\/div>\n<div class=\"article_wrapper\"><\/div>\n<\/div>\n<\/div>\n<\/div>\n<\/div>\n<\/div>\n<\/div>\n<\/div>\n<\/div>\n<\/div>\n<\/div>\n<\/div>\n<\/div>\n<\/div>\n<\/div>\n<\/div>\n<\/div>\n<\/div>\n<\/div>\n<\/div>\n<\/div>\n<\/div>\n<\/div>\n<\/div>\n<\/div>\n<\/div>\n<\/div>\n<\/div>\n<\/div>\n<\/div>\n<\/div>\n<\/div>\n<\/div>\n<\/div>\n<\/div>\n<\/div>\n<\/div>\n<\/div>\n<\/div>\n<\/div>\n<\/div>\n<\/div>\n<\/div>\n<\/div>\n<\/div>\n<\/div>\n<\/div>\n<\/div>\n<\/div>\n<\/div>\n<\/div>\n<p>[\/vc_column_text][\/vc_column_inner][\/vc_row_inner][vc_row_inner row_type=&#8221;row&#8221; type=&#8221;full_width&#8221; text_align=&#8221;left&#8221; css_animation=&#8221;&#8221; css=&#8221;.vc_custom_1583138438093{padding-bottom: 16px !important;}&#8221;][vc_column_inner width=&#8221;1\/6&#8243;][vc_column_text]1986[\/vc_column_text][\/vc_column_inner][vc_column_inner width=&#8221;5\/6&#8243;][vc_column_text]<\/p>\n<div class=\"article_wrapper\">\n<div class=\"article_headline\">\n<div class=\"article_wrapper\">\n<div class=\"article_headline\">\n<div class=\"article_wrapper\">\n<div class=\"article_headline\">\n<div class=\"article_wrapper\">\n<div class=\"article_headline\">\n<div class=\"article_wrapper\">\n<div class=\"article_headline\">\n<div class=\"article_wrapper\">\n<div class=\"article_headline\">\n<div class=\"article_wrapper\">\n<div class=\"article_headline\">\n<div class=\"article_wrapper\">\n<div class=\"article_headline\">\n<div class=\"article_wrapper\">\n<div class=\"article_headline\">\n<div class=\"article_wrapper\">\n<div class=\"article_headline\">\n<div class=\"article_wrapper\">\n<div class=\"article_headline\">\n<div class=\"article_wrapper\">\n<div class=\"article_headline\">\n<div class=\"article_wrapper\">\n<div class=\"article_headline\">\n<div class=\"article_wrapper\">\n<div class=\"article_headline\">\n<div class=\"article_wrapper\">\n<div class=\"article_headline\">\n<div class=\"article_wrapper\">\n<div class=\"article_headline\">\n<div class=\"article_wrapper\">\n<div class=\"article_headline\">\n<div class=\"article_wrapper\">\n<div class=\"article_headline\">\n<div class=\"article_wrapper\">\n<div class=\"article_headline\">\n<div class=\"article_wrapper\">\n<div class=\"article_headline\">\n<div class=\"article_wrapper\">\n<div class=\"article_headline\">\n<div class=\"article_wrapper\">\n<div class=\"article_headline\">\n<div class=\"article_wrapper\">\n<div class=\"article_headline\">\n<div class=\"article_wrapper\">\n<div class=\"article_headline\">\n<div class=\"article_wrapper\">\n<div class=\"article_headline\">\n<div class=\"article_wrapper\">\n<div class=\"article_headline\">\n<div class=\"article_wrapper\">\n<div class=\"article_headline\">\n<div class=\"article_wrapper\">\n<div class=\"article_headline\">Rijksaankopen 1985, Logement van de Heren van Amsterdam, the Hague, The Netherlands,(catalogue)<\/div>\n<\/div>\n<div class=\"article_wrapper\">\n<div class=\"article_date\"><\/div>\n<div class=\"article_headline\">Een keuze van kunstenaars, Historisch Museum, Amsterdam, The Netherlands<\/div>\n<\/div>\n<\/div>\n<\/div>\n<div class=\"article_wrapper\">\n<div class=\"article_wrapper\">\n<div><\/div>\n<div class=\"article_headline\">Aspekten van het tekenen in de naoorlogse Nederlandse beeldende kunst, Stedelijk Museum, Schiedam, The Netherlands<\/div>\n<\/div>\n<div class=\"article_wrapper\"><\/div>\n<\/div>\n<\/div>\n<\/div>\n<\/div>\n<\/div>\n<\/div>\n<\/div>\n<\/div>\n<\/div>\n<\/div>\n<\/div>\n<\/div>\n<\/div>\n<\/div>\n<\/div>\n<\/div>\n<\/div>\n<\/div>\n<\/div>\n<\/div>\n<\/div>\n<\/div>\n<\/div>\n<\/div>\n<\/div>\n<\/div>\n<\/div>\n<\/div>\n<\/div>\n<\/div>\n<\/div>\n<\/div>\n<\/div>\n<\/div>\n<\/div>\n<\/div>\n<\/div>\n<\/div>\n<\/div>\n<\/div>\n<\/div>\n<\/div>\n<\/div>\n<\/div>\n<\/div>\n<\/div>\n<\/div>\n<\/div>\n<\/div>\n<\/div>\n<\/div>\n<\/div>\n<\/div>\n<p>[\/vc_column_text][\/vc_column_inner][\/vc_row_inner][vc_row_inner row_type=&#8221;row&#8221; type=&#8221;full_width&#8221; text_align=&#8221;left&#8221; css_animation=&#8221;&#8221; css=&#8221;.vc_custom_1583138438093{padding-bottom: 16px !important;}&#8221;][vc_column_inner width=&#8221;1\/6&#8243;][vc_column_text]1985[\/vc_column_text][\/vc_column_inner][vc_column_inner width=&#8221;5\/6&#8243;][vc_column_text]<\/p>\n<div class=\"article_wrapper\">\n<div class=\"article_headline\">\n<div class=\"article_wrapper\">\n<div class=\"article_headline\">\n<div class=\"article_wrapper\">\n<div class=\"article_headline\">\n<div class=\"article_wrapper\">\n<div class=\"article_headline\">\n<div class=\"article_wrapper\">\n<div class=\"article_headline\">\n<div class=\"article_wrapper\">\n<div class=\"article_headline\">\n<div class=\"article_wrapper\">\n<div class=\"article_headline\">\n<div class=\"article_wrapper\">\n<div class=\"article_headline\">\n<div class=\"article_wrapper\">\n<div class=\"article_headline\">\n<div class=\"article_wrapper\">\n<div class=\"article_headline\">\n<div class=\"article_wrapper\">\n<div class=\"article_headline\">\n<div class=\"article_wrapper\">\n<div class=\"article_headline\">\n<div class=\"article_wrapper\">\n<div class=\"article_headline\">\n<div class=\"article_wrapper\">\n<div class=\"article_headline\">\n<div class=\"article_wrapper\">\n<div class=\"article_headline\">\n<div class=\"article_wrapper\">\n<div class=\"article_headline\">\n<div class=\"article_wrapper\">\n<div class=\"article_headline\">\n<div class=\"article_wrapper\">\n<div class=\"article_headline\">\n<div class=\"article_wrapper\">\n<div class=\"article_headline\">\n<div class=\"article_wrapper\">\n<div class=\"article_headline\">\n<div class=\"article_wrapper\">\n<div class=\"article_headline\">\n<div class=\"article_wrapper\">\n<div class=\"article_headline\">\n<div class=\"article_wrapper\">\n<div class=\"article_headline\">\n<div class=\"article_wrapper\">\n<div class=\"article_headline\">\n<div class=\"article_wrapper\">\n<div class=\"article_headline\">\n<div class=\"article_wrapper\">\n<div class=\"article_headline\">\n<div class=\"article_wrapper\">\n<div class=\"article_headline\">\n<div class=\"article_wrapper\">\n<div class=\"article_headline\">Werk op Papier, Collection d&#8217;art, Amsterdam, The Netherlands (edition year.17 no.1)<\/div>\n<\/div>\n<div class=\"article_wrapper\"><\/div>\n<\/div>\n<\/div>\n<\/div>\n<\/div>\n<\/div>\n<\/div>\n<\/div>\n<\/div>\n<\/div>\n<\/div>\n<\/div>\n<\/div>\n<\/div>\n<\/div>\n<\/div>\n<\/div>\n<\/div>\n<\/div>\n<\/div>\n<\/div>\n<\/div>\n<\/div>\n<\/div>\n<\/div>\n<\/div>\n<\/div>\n<\/div>\n<\/div>\n<\/div>\n<\/div>\n<\/div>\n<\/div>\n<\/div>\n<\/div>\n<\/div>\n<\/div>\n<\/div>\n<\/div>\n<\/div>\n<\/div>\n<\/div>\n<\/div>\n<\/div>\n<\/div>\n<\/div>\n<\/div>\n<\/div>\n<\/div>\n<\/div>\n<\/div>\n<\/div>\n<\/div>\n<\/div>\n<\/div>\n<p>[\/vc_column_text][\/vc_column_inner][\/vc_row_inner][vc_row_inner row_type=&#8221;row&#8221; type=&#8221;full_width&#8221; text_align=&#8221;left&#8221; css_animation=&#8221;&#8221; css=&#8221;.vc_custom_1583138438093{padding-bottom: 16px !important;}&#8221;][vc_column_inner width=&#8221;1\/6&#8243;][vc_column_text]1984[\/vc_column_text][\/vc_column_inner][vc_column_inner width=&#8221;5\/6&#8243;][vc_column_text]<\/p>\n<div class=\"article_wrapper\">\n<div class=\"article_headline\">\n<div class=\"article_wrapper\">\n<div class=\"article_headline\">\n<div class=\"article_wrapper\">\n<div class=\"article_headline\">\n<div class=\"article_wrapper\">\n<div class=\"article_headline\">\n<div class=\"article_wrapper\">\n<div class=\"article_headline\">\n<div class=\"article_wrapper\">\n<div class=\"article_headline\">\n<div class=\"article_wrapper\">\n<div class=\"article_headline\">\n<div class=\"article_wrapper\">\n<div class=\"article_headline\">\n<div class=\"article_wrapper\">\n<div class=\"article_headline\">\n<div class=\"article_wrapper\">\n<div class=\"article_headline\">\n<div class=\"article_wrapper\">\n<div class=\"article_headline\">\n<div class=\"article_wrapper\">\n<div class=\"article_headline\">\n<div class=\"article_wrapper\">\n<div class=\"article_headline\">\n<div class=\"article_wrapper\">\n<div class=\"article_headline\">\n<div class=\"article_wrapper\">\n<div class=\"article_headline\">\n<div class=\"article_wrapper\">\n<div class=\"article_headline\">\n<div class=\"article_wrapper\">\n<div class=\"article_headline\">\n<div class=\"article_wrapper\">\n<div class=\"article_headline\">\n<div class=\"article_wrapper\">\n<div class=\"article_headline\">\n<div class=\"article_wrapper\">\n<div class=\"article_headline\">\n<div class=\"article_wrapper\">\n<div class=\"article_headline\">\n<div class=\"article_wrapper\">\n<div class=\"article_headline\">\n<div class=\"article_wrapper\">\n<div class=\"article_headline\">\n<div class=\"article_wrapper\">\n<div class=\"article_headline\">\n<div class=\"article_wrapper\">\n<div class=\"article_headline\">\n<div class=\"article_wrapper\">\n<div class=\"article_headline\">\n<div class=\"article_wrapper\">\n<div class=\"article_headline\">\n<div class=\"article_wrapper\">\n<div class=\"article_headline\">\n<div class=\"article_wrapper\">\n<div class=\"article_headline\">Kunst Limburg, Bonnefantenmuseum, Maastricht, The Netherlands<\/div>\n<\/div>\n<div class=\"article_wrapper\">\n<div class=\"article_date\"><\/div>\n<div class=\"article_headline\">Le Musee de Voyage, Espace 251 Nord, Luik, Belgium<\/div>\n<\/div>\n<div class=\"article_wrapper\">\n<div class=\"article_date\"><\/div>\n<div class=\"article_headline\">Kunstmanifestatie Nieuwe Kerk, Galerie Wanda Reiff, Amsterdam, The Netherlands<\/div>\n<\/div>\n<div class=\"article_wrapper\">\n<div class=\"article_date\"><\/div>\n<div class=\"article_headline\">Gesellschafft fur Aktuelle Kunst, Bremen, Germany, (catalogue)<\/div>\n<\/div>\n<div class=\"article_wrapper\"><\/div>\n<\/div>\n<\/div>\n<\/div>\n<\/div>\n<\/div>\n<\/div>\n<\/div>\n<\/div>\n<\/div>\n<\/div>\n<\/div>\n<\/div>\n<\/div>\n<\/div>\n<\/div>\n<\/div>\n<\/div>\n<\/div>\n<\/div>\n<\/div>\n<\/div>\n<\/div>\n<\/div>\n<\/div>\n<\/div>\n<\/div>\n<\/div>\n<\/div>\n<\/div>\n<\/div>\n<\/div>\n<\/div>\n<\/div>\n<\/div>\n<\/div>\n<\/div>\n<\/div>\n<\/div>\n<\/div>\n<\/div>\n<\/div>\n<\/div>\n<\/div>\n<\/div>\n<\/div>\n<\/div>\n<\/div>\n<\/div>\n<\/div>\n<\/div>\n<\/div>\n<\/div>\n<\/div>\n<\/div>\n<\/div>\n<\/div>\n<p>[\/vc_column_text][\/vc_column_inner][\/vc_row_inner][vc_row_inner row_type=&#8221;row&#8221; type=&#8221;full_width&#8221; text_align=&#8221;left&#8221; css_animation=&#8221;&#8221; css=&#8221;.vc_custom_1583138438093{padding-bottom: 16px !important;}&#8221;][vc_column_inner width=&#8221;1\/6&#8243;][vc_column_text]1983[\/vc_column_text][\/vc_column_inner][vc_column_inner width=&#8221;5\/6&#8243;][vc_column_text]<\/p>\n<div class=\"article_wrapper\">\n<div class=\"article_headline\">\n<div class=\"article_wrapper\">\n<div class=\"article_headline\">\n<div class=\"article_wrapper\">\n<div class=\"article_headline\">\n<div class=\"article_wrapper\">\n<div class=\"article_headline\">\n<div class=\"article_wrapper\">\n<div class=\"article_headline\">\n<div class=\"article_wrapper\">\n<div class=\"article_headline\">\n<div class=\"article_wrapper\">\n<div class=\"article_headline\">\n<div class=\"article_wrapper\">\n<div class=\"article_headline\">\n<div class=\"article_wrapper\">\n<div class=\"article_headline\">\n<div class=\"article_wrapper\">\n<div class=\"article_headline\">\n<div class=\"article_wrapper\">\n<div class=\"article_headline\">\n<div class=\"article_wrapper\">\n<div class=\"article_headline\">\n<div class=\"article_wrapper\">\n<div class=\"article_headline\">\n<div class=\"article_wrapper\">\n<div class=\"article_headline\">\n<div class=\"article_wrapper\">\n<div class=\"article_headline\">\n<div class=\"article_wrapper\">\n<div class=\"article_headline\">\n<div class=\"article_wrapper\">\n<div class=\"article_headline\">\n<div class=\"article_wrapper\">\n<div class=\"article_headline\">\n<div class=\"article_wrapper\">\n<div class=\"article_headline\">\n<div class=\"article_wrapper\">\n<div class=\"article_headline\">\n<div class=\"article_wrapper\">\n<div class=\"article_headline\">\n<div class=\"article_wrapper\">\n<div class=\"article_headline\">\n<div class=\"article_wrapper\">\n<div class=\"article_headline\">\n<div class=\"article_wrapper\">\n<div class=\"article_headline\">\n<div class=\"article_wrapper\">\n<div class=\"article_headline\">\n<div class=\"article_wrapper\">\n<div class=\"article_headline\">\n<div class=\"article_wrapper\">\n<div class=\"article_headline\">\n<div class=\"article_wrapper\">\n<div class=\"article_headline\">\n<div class=\"article_wrapper\">\n<div class=\"article_headline\">\n<div class=\"article_wrapper\">\n<div class=\"article_headline\">Aktuele Kunstmarkt, Galerie Wanda Reiff, Paleis van Schone Kunsten, Brussels, Belgium<\/div>\n<\/div>\n<div class=\"article_wrapper\">\n<div class=\"article_date\"><\/div>\n<div class=\"article_headline\">How is a painting made? Bonnefantenmuseum, Maastricht<\/div>\n<\/div>\n<div class=\"article_wrapper\"><\/div>\n<\/div>\n<\/div>\n<\/div>\n<\/div>\n<\/div>\n<\/div>\n<\/div>\n<\/div>\n<\/div>\n<\/div>\n<\/div>\n<\/div>\n<\/div>\n<\/div>\n<\/div>\n<\/div>\n<\/div>\n<\/div>\n<\/div>\n<\/div>\n<\/div>\n<\/div>\n<\/div>\n<\/div>\n<\/div>\n<\/div>\n<\/div>\n<\/div>\n<\/div>\n<\/div>\n<\/div>\n<\/div>\n<\/div>\n<\/div>\n<\/div>\n<\/div>\n<\/div>\n<\/div>\n<\/div>\n<\/div>\n<\/div>\n<\/div>\n<\/div>\n<\/div>\n<\/div>\n<\/div>\n<\/div>\n<\/div>\n<\/div>\n<\/div>\n<\/div>\n<\/div>\n<\/div>\n<\/div>\n<\/div>\n<\/div>\n<\/div>\n<\/div>\n<p>[\/vc_column_text][\/vc_column_inner][\/vc_row_inner][vc_row_inner row_type=&#8221;row&#8221; type=&#8221;full_width&#8221; text_align=&#8221;left&#8221; css_animation=&#8221;&#8221; css=&#8221;.vc_custom_1583138438093{padding-bottom: 16px !important;}&#8221;][vc_column_inner width=&#8221;1\/6&#8243;][vc_column_text]1982[\/vc_column_text][\/vc_column_inner][vc_column_inner width=&#8221;5\/6&#8243;][vc_column_text]<\/p>\n<div class=\"article_wrapper\">\n<div class=\"article_headline\">\n<div class=\"article_wrapper\">\n<div class=\"article_headline\">\n<div class=\"article_wrapper\">\n<div class=\"article_headline\">\n<div class=\"article_wrapper\">\n<div class=\"article_headline\">\n<div class=\"article_wrapper\">\n<div class=\"article_headline\">\n<div class=\"article_wrapper\">\n<div class=\"article_headline\">\n<div class=\"article_wrapper\">\n<div class=\"article_headline\">\n<div class=\"article_wrapper\">\n<div class=\"article_headline\">\n<div class=\"article_wrapper\">\n<div class=\"article_headline\">\n<div class=\"article_wrapper\">\n<div class=\"article_headline\">\n<div class=\"article_wrapper\">\n<div class=\"article_headline\">\n<div class=\"article_wrapper\">\n<div class=\"article_headline\">\n<div class=\"article_wrapper\">\n<div class=\"article_headline\">\n<div class=\"article_wrapper\">\n<div class=\"article_headline\">\n<div class=\"article_wrapper\">\n<div class=\"article_headline\">\n<div class=\"article_wrapper\">\n<div class=\"article_headline\">\n<div class=\"article_wrapper\">\n<div class=\"article_headline\">\n<div class=\"article_wrapper\">\n<div class=\"article_headline\">\n<div class=\"article_wrapper\">\n<div class=\"article_headline\">\n<div class=\"article_wrapper\">\n<div class=\"article_headline\">\n<div class=\"article_wrapper\">\n<div class=\"article_headline\">\n<div class=\"article_wrapper\">\n<div class=\"article_headline\">\n<div class=\"article_wrapper\">\n<div class=\"article_headline\">\n<div class=\"article_wrapper\">\n<div class=\"article_headline\">\n<div class=\"article_wrapper\">\n<div class=\"article_headline\">\n<div class=\"article_wrapper\">\n<div class=\"article_headline\">\n<div class=\"article_wrapper\">\n<div class=\"article_headline\">\n<div class=\"article_wrapper\">\n<div class=\"article_headline\">\n<div class=\"article_wrapper\">\n<div class=\"article_headline\">\n<div class=\"article_wrapper\">\n<div class=\"article_headline\">Plus Est, Bonnefantenmuseum, Maastricht (catalogue), The Netherlands<\/div>\n<\/div>\n<div class=\"article_wrapper\"><\/div>\n<\/div>\n<\/div>\n<\/div>\n<\/div>\n<\/div>\n<\/div>\n<\/div>\n<\/div>\n<\/div>\n<\/div>\n<\/div>\n<\/div>\n<\/div>\n<\/div>\n<\/div>\n<\/div>\n<\/div>\n<\/div>\n<\/div>\n<\/div>\n<\/div>\n<\/div>\n<\/div>\n<\/div>\n<\/div>\n<\/div>\n<\/div>\n<\/div>\n<\/div>\n<\/div>\n<\/div>\n<\/div>\n<\/div>\n<\/div>\n<\/div>\n<\/div>\n<\/div>\n<\/div>\n<\/div>\n<\/div>\n<\/div>\n<\/div>\n<\/div>\n<\/div>\n<\/div>\n<\/div>\n<\/div>\n<\/div>\n<\/div>\n<\/div>\n<\/div>\n<\/div>\n<\/div>\n<\/div>\n<\/div>\n<\/div>\n<\/div>\n<\/div>\n<p>[\/vc_column_text][\/vc_column_inner][\/vc_row_inner][vc_row_inner row_type=&#8221;row&#8221; type=&#8221;full_width&#8221; text_align=&#8221;left&#8221; css_animation=&#8221;&#8221; css=&#8221;.vc_custom_1583138438093{padding-bottom: 16px !important;}&#8221;][vc_column_inner width=&#8221;1\/6&#8243;][vc_column_text]1981[\/vc_column_text][\/vc_column_inner][vc_column_inner width=&#8221;5\/6&#8243;][vc_column_text]<\/p>\n<div class=\"article_wrapper\">\n<div class=\"article_headline\">\n<div class=\"article_wrapper\">\n<div class=\"article_headline\">\n<div class=\"article_wrapper\">\n<div class=\"article_headline\">\n<div class=\"article_wrapper\">\n<div class=\"article_headline\">\n<div class=\"article_wrapper\">\n<div class=\"article_headline\">\n<div class=\"article_wrapper\">\n<div class=\"article_headline\">\n<div class=\"article_wrapper\">\n<div class=\"article_headline\">\n<div class=\"article_wrapper\">\n<div class=\"article_headline\">\n<div class=\"article_wrapper\">\n<div class=\"article_headline\">\n<div class=\"article_wrapper\">\n<div class=\"article_headline\">\n<div class=\"article_wrapper\">\n<div class=\"article_headline\">\n<div class=\"article_wrapper\">\n<div class=\"article_headline\">\n<div class=\"article_wrapper\">\n<div class=\"article_headline\">\n<div class=\"article_wrapper\">\n<div class=\"article_headline\">\n<div class=\"article_wrapper\">\n<div class=\"article_headline\">\n<div class=\"article_wrapper\">\n<div class=\"article_headline\">\n<div class=\"article_wrapper\">\n<div class=\"article_headline\">\n<div class=\"article_wrapper\">\n<div class=\"article_headline\">\n<div class=\"article_wrapper\">\n<div class=\"article_headline\">\n<div class=\"article_wrapper\">\n<div class=\"article_headline\">\n<div class=\"article_wrapper\">\n<div class=\"article_headline\">\n<div class=\"article_wrapper\">\n<div class=\"article_headline\">\n<div class=\"article_wrapper\">\n<div class=\"article_headline\">\n<div class=\"article_wrapper\">\n<div class=\"article_headline\">\n<div class=\"article_wrapper\">\n<div class=\"article_headline\">\n<div class=\"article_wrapper\">\n<div class=\"article_headline\">\n<div class=\"article_wrapper\">\n<div class=\"article_headline\">\n<div class=\"article_wrapper\">\n<div class=\"article_headline\">\n<div class=\"article_wrapper\">\n<div class=\"article_headline\">\n<div class=\"article_wrapper\">\n<div class=\"article_headline\">Jacob Smitsmuseum, Mol, Belgium<\/div>\n<\/div>\n<div class=\"article_wrapper\"><\/div>\n<\/div>\n<\/div>\n<\/div>\n<\/div>\n<\/div>\n<\/div>\n<\/div>\n<\/div>\n<\/div>\n<\/div>\n<\/div>\n<\/div>\n<\/div>\n<\/div>\n<\/div>\n<\/div>\n<\/div>\n<\/div>\n<\/div>\n<\/div>\n<\/div>\n<\/div>\n<\/div>\n<\/div>\n<\/div>\n<\/div>\n<\/div>\n<\/div>\n<\/div>\n<\/div>\n<\/div>\n<\/div>\n<\/div>\n<\/div>\n<\/div>\n<\/div>\n<\/div>\n<\/div>\n<\/div>\n<\/div>\n<\/div>\n<\/div>\n<\/div>\n<\/div>\n<\/div>\n<\/div>\n<\/div>\n<\/div>\n<\/div>\n<\/div>\n<\/div>\n<\/div>\n<\/div>\n<\/div>\n<\/div>\n<\/div>\n<\/div>\n<\/div>\n<p>[\/vc_column_text][\/vc_column_inner][\/vc_row_inner][vc_row_inner row_type=&#8221;row&#8221; type=&#8221;full_width&#8221; text_align=&#8221;left&#8221; css_animation=&#8221;&#8221; css=&#8221;.vc_custom_1583138438093{padding-bottom: 16px !important;}&#8221;][vc_column_inner width=&#8221;1\/6&#8243;][vc_column_text]1980[\/vc_column_text][\/vc_column_inner][vc_column_inner width=&#8221;5\/6&#8243;][vc_column_text]<\/p>\n<div class=\"article_wrapper\">\n<div class=\"article_headline\">\n<div class=\"article_wrapper\">\n<div class=\"article_headline\">\n<div class=\"article_wrapper\">\n<div class=\"article_headline\">\n<div class=\"article_wrapper\">\n<div class=\"article_headline\">\n<div class=\"article_wrapper\">\n<div class=\"article_headline\">\n<div class=\"article_wrapper\">\n<div class=\"article_headline\">\n<div class=\"article_wrapper\">\n<div class=\"article_headline\">\n<div class=\"article_wrapper\">\n<div class=\"article_headline\">\n<div class=\"article_wrapper\">\n<div class=\"article_headline\">\n<div class=\"article_wrapper\">\n<div class=\"article_headline\">\n<div class=\"article_wrapper\">\n<div class=\"article_headline\">\n<div class=\"article_wrapper\">\n<div class=\"article_headline\">\n<div class=\"article_wrapper\">\n<div class=\"article_headline\">\n<div class=\"article_wrapper\">\n<div class=\"article_headline\">\n<div class=\"article_wrapper\">\n<div class=\"article_headline\">\n<div class=\"article_wrapper\">\n<div class=\"article_headline\">\n<div class=\"article_wrapper\">\n<div class=\"article_headline\">\n<div class=\"article_wrapper\">\n<div class=\"article_headline\">\n<div class=\"article_wrapper\">\n<div class=\"article_headline\">\n<div class=\"article_wrapper\">\n<div class=\"article_headline\">\n<div class=\"article_wrapper\">\n<div class=\"article_headline\">\n<div class=\"article_wrapper\">\n<div class=\"article_headline\">\n<div class=\"article_wrapper\">\n<div class=\"article_headline\">\n<div class=\"article_wrapper\">\n<div class=\"article_headline\">\n<div class=\"article_wrapper\">\n<div class=\"article_headline\">\n<div class=\"article_wrapper\">\n<div class=\"article_headline\">\n<div class=\"article_wrapper\">\n<div class=\"article_headline\">\n<div class=\"article_wrapper\">\n<div class=\"article_headline\">\n<div class=\"article_wrapper\">\n<div class=\"article_headline\">\n<div class=\"article_wrapper\">\n<div class=\"article_headline\">Vier Beelden Binnen Een Kader, Cultureel Centrum, Venlo, The Netherlands<\/div>\n<\/div>\n<div class=\"article_wrapper\"><\/div>\n<\/div>\n<\/div>\n<\/div>\n<\/div>\n<\/div>\n<\/div>\n<\/div>\n<\/div>\n<\/div>\n<\/div>\n<\/div>\n<\/div>\n<\/div>\n<\/div>\n<\/div>\n<\/div>\n<\/div>\n<\/div>\n<\/div>\n<\/div>\n<\/div>\n<\/div>\n<\/div>\n<\/div>\n<\/div>\n<\/div>\n<\/div>\n<\/div>\n<\/div>\n<\/div>\n<\/div>\n<\/div>\n<\/div>\n<\/div>\n<\/div>\n<\/div>\n<\/div>\n<\/div>\n<\/div>\n<\/div>\n<\/div>\n<\/div>\n<\/div>\n<\/div>\n<\/div>\n<\/div>\n<\/div>\n<\/div>\n<\/div>\n<\/div>\n<\/div>\n<\/div>\n<\/div>\n<\/div>\n<\/div>\n<\/div>\n<\/div>\n<\/div>\n<p>[\/vc_column_text][\/vc_column_inner][\/vc_row_inner][vc_row_inner row_type=&#8221;row&#8221; type=&#8221;full_width&#8221; text_align=&#8221;left&#8221; css_animation=&#8221;&#8221; css=&#8221;.vc_custom_1583138438093{padding-bottom: 16px !important;}&#8221;][vc_column_inner width=&#8221;1\/6&#8243;][vc_column_text]1979[\/vc_column_text][\/vc_column_inner][vc_column_inner width=&#8221;5\/6&#8243;][vc_column_text]<\/p>\n<div class=\"article_wrapper\">\n<div class=\"article_headline\">\n<div class=\"article_wrapper\">\n<div class=\"article_headline\">\n<div class=\"article_wrapper\">\n<div class=\"article_headline\">\n<div class=\"article_wrapper\">\n<div class=\"article_headline\">\n<div class=\"article_wrapper\">\n<div class=\"article_headline\">\n<div class=\"article_wrapper\">\n<div class=\"article_headline\">\n<div class=\"article_wrapper\">\n<div class=\"article_headline\">\n<div class=\"article_wrapper\">\n<div class=\"article_headline\">\n<div class=\"article_wrapper\">\n<div class=\"article_headline\">\n<div class=\"article_wrapper\">\n<div class=\"article_headline\">\n<div class=\"article_wrapper\">\n<div class=\"article_headline\">\n<div class=\"article_wrapper\">\n<div class=\"article_headline\">\n<div class=\"article_wrapper\">\n<div class=\"article_headline\">\n<div class=\"article_wrapper\">\n<div class=\"article_headline\">\n<div class=\"article_wrapper\">\n<div class=\"article_headline\">\n<div class=\"article_wrapper\">\n<div class=\"article_headline\">\n<div class=\"article_wrapper\">\n<div class=\"article_headline\">\n<div class=\"article_wrapper\">\n<div class=\"article_headline\">\n<div class=\"article_wrapper\">\n<div class=\"article_headline\">\n<div class=\"article_wrapper\">\n<div class=\"article_headline\">\n<div class=\"article_wrapper\">\n<div class=\"article_headline\">\n<div class=\"article_wrapper\">\n<div class=\"article_headline\">\n<div class=\"article_wrapper\">\n<div class=\"article_headline\">\n<div class=\"article_wrapper\">\n<div class=\"article_headline\">\n<div class=\"article_wrapper\">\n<div class=\"article_headline\">\n<div class=\"article_wrapper\">\n<div class=\"article_headline\">\n<div class=\"article_wrapper\">\n<div class=\"article_headline\">\n<div class=\"article_wrapper\">\n<div class=\"article_headline\">\n<div class=\"article_wrapper\">\n<div class=\"article_headline\">\n<div class=\"article_wrapper\">\n<div class=\"article_headline\">Aspekten van Limburgse Kunst, Cultureel Centrum, Venlo, The Netherlands (catalogue)<\/div>\n<\/div>\n<div class=\"article_wrapper\"><\/div>\n<\/div>\n<\/div>\n<\/div>\n<\/div>\n<\/div>\n<\/div>\n<\/div>\n<\/div>\n<\/div>\n<\/div>\n<\/div>\n<\/div>\n<\/div>\n<\/div>\n<\/div>\n<\/div>\n<\/div>\n<\/div>\n<\/div>\n<\/div>\n<\/div>\n<\/div>\n<\/div>\n<\/div>\n<\/div>\n<\/div>\n<\/div>\n<\/div>\n<\/div>\n<\/div>\n<\/div>\n<\/div>\n<\/div>\n<\/div>\n<\/div>\n<\/div>\n<\/div>\n<\/div>\n<\/div>\n<\/div>\n<\/div>\n<\/div>\n<\/div>\n<\/div>\n<\/div>\n<\/div>\n<\/div>\n<\/div>\n<\/div>\n<\/div>\n<\/div>\n<\/div>\n<\/div>\n<\/div>\n<\/div>\n<\/div>\n<\/div>\n<\/div>\n<p>[\/vc_column_text][\/vc_column_inner][\/vc_row_inner][vc_row_inner row_type=&#8221;row&#8221; type=&#8221;full_width&#8221; text_align=&#8221;left&#8221; css_animation=&#8221;&#8221; css=&#8221;.vc_custom_1583138438093{padding-bottom: 16px !important;}&#8221;][vc_column_inner width=&#8221;1\/6&#8243;][vc_column_text]1978[\/vc_column_text][\/vc_column_inner][vc_column_inner width=&#8221;5\/6&#8243;][vc_column_text]<\/p>\n<div class=\"article_wrapper\">\n<div class=\"article_headline\">\n<div class=\"article_wrapper\">\n<div class=\"article_headline\">\n<div class=\"article_wrapper\">\n<div class=\"article_headline\">\n<div class=\"article_wrapper\">\n<div class=\"article_headline\">\n<div class=\"article_wrapper\">\n<div class=\"article_headline\">\n<div class=\"article_wrapper\">\n<div class=\"article_headline\">\n<div class=\"article_wrapper\">\n<div class=\"article_headline\">\n<div class=\"article_wrapper\">\n<div class=\"article_headline\">\n<div class=\"article_wrapper\">\n<div class=\"article_headline\">\n<div class=\"article_wrapper\">\n<div class=\"article_headline\">\n<div class=\"article_wrapper\">\n<div class=\"article_headline\">\n<div class=\"article_wrapper\">\n<div class=\"article_headline\">\n<div class=\"article_wrapper\">\n<div class=\"article_headline\">\n<div class=\"article_wrapper\">\n<div class=\"article_headline\">\n<div class=\"article_wrapper\">\n<div class=\"article_headline\">\n<div class=\"article_wrapper\">\n<div class=\"article_headline\">\n<div class=\"article_wrapper\">\n<div class=\"article_headline\">\n<div class=\"article_wrapper\">\n<div class=\"article_headline\">\n<div class=\"article_wrapper\">\n<div class=\"article_headline\">\n<div class=\"article_wrapper\">\n<div class=\"article_headline\">\n<div class=\"article_wrapper\">\n<div class=\"article_headline\">\n<div class=\"article_wrapper\">\n<div class=\"article_headline\">\n<div class=\"article_wrapper\">\n<div class=\"article_headline\">\n<div class=\"article_wrapper\">\n<div class=\"article_headline\">\n<div class=\"article_wrapper\">\n<div class=\"article_headline\">\n<div class=\"article_wrapper\">\n<div class=\"article_headline\">\n<div class=\"article_wrapper\">\n<div class=\"article_headline\">\n<div class=\"article_wrapper\">\n<div class=\"article_headline\">\n<div class=\"article_wrapper\">\n<div class=\"article_headline\">\n<div id=\"grou\">\n<div class=\"article_wrapper\">\n<div class=\"article_headline\">\n<div id=\"grou\">\n<div class=\"article_wrapper\">\n<div class=\"article_headline\">Kunst in Limburg, Galerie Linden, Venlo, The Netherlands<\/div>\n<\/div>\n<\/div>\n<div id=\"footerwrapper\"><\/div>\n<\/div>\n<\/div>\n<\/div>\n<\/div>\n<\/div>\n<\/div>\n<\/div>\n<\/div>\n<\/div>\n<\/div>\n<\/div>\n<\/div>\n<\/div>\n<\/div>\n<\/div>\n<\/div>\n<\/div>\n<\/div>\n<\/div>\n<\/div>\n<\/div>\n<\/div>\n<\/div>\n<\/div>\n<\/div>\n<\/div>\n<\/div>\n<\/div>\n<\/div>\n<\/div>\n<\/div>\n<\/div>\n<\/div>\n<\/div>\n<\/div>\n<\/div>\n<\/div>\n<\/div>\n<\/div>\n<\/div>\n<\/div>\n<\/div>\n<\/div>\n<\/div>\n<\/div>\n<\/div>\n<\/div>\n<\/div>\n<\/div>\n<\/div>\n<\/div>\n<\/div>\n<\/div>\n<\/div>\n<\/div>\n<\/div>\n<\/div>\n<\/div>\n<\/div>\n<\/div>\n<\/div>\n<p>[\/vc_column_text][\/vc_column_inner][\/vc_row_inner][\/vc_column][vc_column width=&#8221;1\/6&#8243;][\/vc_column][\/vc_row]<\/p>\n","protected":false},"excerpt":{"rendered":"<p>[vc_row css_animation=&#8221;&#8221; row_type=&#8221;row&#8221; use_row_as_full_screen_section=&#8221;no&#8221; type=&#8221;full_width&#8221; angled_section=&#8221;no&#8221; text_align=&#8221;left&#8221; background_image_as_pattern=&#8221;without_pattern&#8221;][vc_column width=&#8221;1\/6&#8243;][\/vc_column][vc_column width=&#8221;2\/3&#8243;][vc_row_inner row_type=&#8221;row&#8221; type=&#8221;full_width&#8221; text_align=&#8221;left&#8221; css_animation=&#8221;&#8221; css=&#8221;.vc_custom_1583138411829{padding-bottom: 16px !important;}&#8221;][vc_column_inner width=&#8221;1\/6&#8243;][vc_column_text]2020[\/vc_column_text][\/vc_column_inner][vc_column_inner width=&#8221;5\/6&#8243;][vc_column_text] relations &amp; contrasts, Museum Belv\u00e9d\u00e8re, Heerenveen &#8220;In Exile&#8221;, House Henk Visch, Eindhoven [\/vc_column_text][\/vc_column_inner][\/vc_row_inner][vc_row_inner row_type=&#8221;row&#8221; type=&#8221;full_width&#8221; text_align=&#8221;left&#8221; css_animation=&#8221;&#8221; css=&#8221;.vc_custom_1583138438093{padding-bottom: 16px !important;}&#8221;][vc_column_inner width=&#8221;1\/6&#8243;][vc_column_text]2019[\/vc_column_text][\/vc_column_inner][vc_column_inner width=&#8221;5\/6&#8243;][vc_column_text] Art The Hague, Gallery&#8230;<\/p>\n","protected":false},"author":1,"featured_media":0,"parent":2019,"menu_order":0,"comment_status":"closed","ping_status":"closed","template":"","meta":{"_monsterinsights_skip_tracking":false,"_monsterinsights_sitenote_active":false,"_monsterinsights_sitenote_note":"","_monsterinsights_sitenote_category":0,"footnotes":""},"class_list":["post-2009","page","type-page","status-publish","hentry"],"_links":{"self":[{"href":"https:\/\/toonteeken.nl\/en\/wp-json\/wp\/v2\/pages\/2009","targetHints":{"allow":["GET"]}}],"collection":[{"href":"https:\/\/toonteeken.nl\/en\/wp-json\/wp\/v2\/pages"}],"about":[{"href":"https:\/\/toonteeken.nl\/en\/wp-json\/wp\/v2\/types\/page"}],"author":[{"embeddable":true,"href":"https:\/\/toonteeken.nl\/en\/wp-json\/wp\/v2\/users\/1"}],"replies":[{"embeddable":true,"href":"https:\/\/toonteeken.nl\/en\/wp-json\/wp\/v2\/comments?post=2009"}],"version-history":[{"count":1,"href":"https:\/\/toonteeken.nl\/en\/wp-json\/wp\/v2\/pages\/2009\/revisions"}],"predecessor-version":[{"id":2010,"href":"https:\/\/toonteeken.nl\/en\/wp-json\/wp\/v2\/pages\/2009\/revisions\/2010"}],"up":[{"embeddable":true,"href":"https:\/\/toonteeken.nl\/en\/wp-json\/wp\/v2\/pages\/2019"}],"wp:attachment":[{"href":"https:\/\/toonteeken.nl\/en\/wp-json\/wp\/v2\/media?parent=2009"}],"curies":[{"name":"wp","href":"https:\/\/api.w.org\/{rel}","templated":true}]}}